{"id":10729,"date":"2025-11-03T11:17:32","date_gmt":"2025-11-03T19:17:32","guid":{"rendered":"https:\/\/elprograma.org\/?page_id=10729"},"modified":"2026-03-04T14:33:17","modified_gmt":"2026-03-04T22:33:17","slug":"mesa-directiva","status":"publish","type":"page","link":"https:\/\/elprograma.org\/es\/who-we-are\/mesa-directiva\/","title":{"rendered":"Mesa Directiva"},"content":{"rendered":"<div class=\"wpb-content-wrapper\"><p>[vc_row row_content_width=\u00bbgrid\u00bb content_text_alignment=\u00bbcenter\u00bb svg_background=\u00bb%5B%7B%7D%5D\u00bb css=\u00bb.vc_custom_1696434433520{margin-top: 0px !important;margin-bottom: 0px !important;padding-top: 0px !important;padding-bottom: 50px !important;}\u00bb el_id=\u00bbBoard title\u00bb][vc_column css=\u00bb.vc_custom_1686075211347{padding-top: 0px !important;padding-right: 20% !important;padding-bottom: 3px !important;padding-left: 20% !important;}\u00bb column_responsive_padding_680=\u00bb0px 6% 0px\u00bb column_responsive_padding_1024=\u00bb0 10% 25px\u00bb column_responsive_padding_768=\u00bb0 10% 5px\u00bb]<div class=\"qodef-shortcode qodef-m  qodef-section-title qodef-alignment--center \">\n\t\t<h5 class=\"qodef-m-subtitle\" >\n\t\tEl equipo que nos levanta\t<\/h5>\n\t\t\t<h2 class=\"qodef-m-title\" >\n\t\t\t\t\tNuestra Mesa Directiva\t\t\t<\/h2>\n\t<\/div>[\/vc_column][\/vc_row][vc_row row_content_width=\u00bbgrid\u00bb svg_background=\u00bb%5B%7B%7D%5D\u00bb el_id=\u00bbOur Current Board\u00bb][vc_column offset=\u00bbvc_col-lg-4 vc_col-md-6&#8243; css=\u00bb.vc_custom_1762196899944{padding-bottom: 70px !important;}\u00bb]<div class=\"qodef-shortcode qodef-m  qodef-team qodef-layout--info-below\">\n    <div class=\"qodef-m-inner\">\n        <div class=\"qodef-m-image\">\n    <img loading=\"lazy\" decoding=\"async\" width=\"250\" height=\"250\" src=\"https:\/\/elprograma.org\/wp-content\/uploads\/2023\/05\/Mariana-Orozco2-e1685995432162.jpg\" class=\"attachment-full size-full\" alt=\"\" srcset=\"https:\/\/elprograma.org\/wp-content\/uploads\/2023\/05\/Mariana-Orozco2-e1685995432162.jpg 250w, https:\/\/elprograma.org\/wp-content\/uploads\/2023\/05\/Mariana-Orozco2-e1685995432162-150x150.jpg 150w\" sizes=\"auto, (max-width: 250px) 100vw, 250px\" \/>\t\n\t\t\t<a class=\"qodef-team-link\" href=\"#\" target=\"_self\"><\/a>\n\t<\/div>\n\n        <div class=\"qodef-m-team-info\">\n\t\t\t<div class=\"qodef-m-social-icons-group\">\n    <\/div>        \t<var class=\"qodef-m-position\" >Presidenta de la Junta Directiva<\/var>\n    <h3 class=\"qodef-m-name\" >\n    Mariana Orozco    <\/h3>\n\n    <p class=\"qodef-m-text\" >Directora de Negocios, Licencias Globales de Productos, Nike<\/p>\n\n        <\/div>\n\n    <\/div>\n<\/div>[vc_tta_accordion c_align=\u00bbcenter\u00bb active_section=\u00bb999&#8243; collapsible_all=\u00bbtrue\u00bb css=\u00bb.vc_custom_1762277918373{margin-top: 20px !important;}\u00bb][vc_tta_section title=\u00bbConoce M\u00e1s Acerca de Mariana\u00bb tab_id=\u00bb1762197009911-69ba710d-892f\u00bb][vc_column_text css=\u00bb\u00bb]Nacida en M\u00e9rida, Yucat\u00e1n y criada en Guadalajara, Jalisco, Mariana Orozco creci\u00f3 en un hogar arraigado en s\u00f3lidos valores familiares, fe, apoyo comunitario y resiliencia. Estas influencias tempranas forjaron su profundo compromiso de ayudar a los dem\u00e1s y mantenerse conectada con su herencia cultural.<\/p>\n<p>La trayectoria profesional de Mariana comenz\u00f3 con determinaci\u00f3n y coraje. Tras trabajar a tiempo completo para costear sus estudios, obtuvo la licenciatura en Negocios Internacionales; esa misma perseverancia sigue definiendo su carrera hoy en d\u00eda.<\/p>\n<p>Su experiencia profesional incluye casi dos d\u00e9cadas en Nike, donde actualmente se desempe\u00f1a como Directora de Negocios de Licencias Globales de Productos, ayudando a definir las estrategias que impulsan el crecimiento y la innovaci\u00f3n de la marca.<\/p>\n<p>Como orgullosa inmigrante latina, Mariana aporta empat\u00eda, respeto y una labor de defensa a su trabajo. Su experiencia personal alimenta su compromiso de apoyar a las comunidades de inmigrantes y honrar los sacrificios realizados por quienes buscan mejores oportunidades para sus familias.<\/p>\n<p>A Mariana le apasiona la labor que realiza EPHC y se siente honrada de fungir como Presidenta de la Junta Directiva, contribuyendo a dar forma a la estrategia y la visi\u00f3n a largo plazo de la organizaci\u00f3n.<\/p>\n<p><a href=\"https:\/\/www.linkedin.com\/in\/mariana-orozco-abb83b132\/\" target=\"_blank\" rel=\"noopener\">Sigue a Mariana en LinkedIn<\/a>[\/vc_column_text][\/vc_tta_section][\/vc_tta_accordion][\/vc_column][vc_column offset=\u00bbvc_col-lg-4 vc_col-md-6&#8243; css=\u00bb.vc_custom_1762196907384{padding-bottom: 70px !important;}\u00bb]<div class=\"qodef-shortcode qodef-m  qodef-team qodef-layout--info-below\">\n    <div class=\"qodef-m-inner\">\n        <div class=\"qodef-m-image\">\n    <img loading=\"lazy\" decoding=\"async\" width=\"250\" height=\"250\" src=\"https:\/\/elprograma.org\/wp-content\/uploads\/2023\/05\/Zuri-Lopez-e1685995450369.jpg\" class=\"attachment-full size-full\" alt=\"\" srcset=\"https:\/\/elprograma.org\/wp-content\/uploads\/2023\/05\/Zuri-Lopez-e1685995450369.jpg 250w, https:\/\/elprograma.org\/wp-content\/uploads\/2023\/05\/Zuri-Lopez-e1685995450369-150x150.jpg 150w\" sizes=\"auto, (max-width: 250px) 100vw, 250px\" \/>\t\n\t\t\t<a class=\"qodef-team-link\" href=\"#\" target=\"_self\"><\/a>\n\t<\/div>\n\n        <div class=\"qodef-m-team-info\">\n\t\t\t<div class=\"qodef-m-social-icons-group\">\n    <\/div>        \t<var class=\"qodef-m-position\" >Vicepresidenta de la Junta Directiva<\/var>\n    <h3 class=\"qodef-m-name\" >\n    Zuri L\u00f3pez    <\/h3>\n\n    <p class=\"qodef-m-text\" >Analista de Pol\u00edticas, Oregon Health Authority<\/p>\n\n        <\/div>\n\n    <\/div>\n<\/div>[vc_tta_accordion c_align=\u00bbcenter\u00bb active_section=\u00bb999&#8243; collapsible_all=\u00bbtrue\u00bb css=\u00bb.vc_custom_1762197438768{margin-top: 20px !important;}\u00bb][vc_tta_section title=\u00bbConoce M\u00e1s Acerca de Zuri\u00bb tab_id=\u00bb1762197009911-69ba710d-892f\u00bb][vc_column_text css=\u00bb\u00bb]Biograf\u00eda disponible pr\u00f3ximamente.[\/vc_column_text][\/vc_tta_section][\/vc_tta_accordion][\/vc_column][vc_column offset=\u00bbvc_col-lg-4 vc_col-md-6&#8243; css=\u00bb.vc_custom_1762196913130{padding-bottom: 70px !important;}\u00bb column_responsive_padding_680=\u00bb0 0 95px\u00bb]<div class=\"qodef-shortcode qodef-m  qodef-team qodef-layout--info-below\">\n    <div class=\"qodef-m-inner\">\n        <div class=\"qodef-m-image\">\n    <img loading=\"lazy\" decoding=\"async\" width=\"250\" height=\"250\" src=\"https:\/\/elprograma.org\/wp-content\/uploads\/2024\/07\/Amaya-Urzaa_Board_250x250.png\" class=\"attachment-full size-full\" alt=\"Amaya Urzaa\" srcset=\"https:\/\/elprograma.org\/wp-content\/uploads\/2024\/07\/Amaya-Urzaa_Board_250x250.png 250w, https:\/\/elprograma.org\/wp-content\/uploads\/2024\/07\/Amaya-Urzaa_Board_250x250-150x150.png 150w\" sizes=\"auto, (max-width: 250px) 100vw, 250px\" \/>\t\n\t\t\t<a class=\"qodef-team-link\" href=\"#\" target=\"_self\"><\/a>\n\t<\/div>\n\n        <div class=\"qodef-m-team-info\">\n\t\t\t<div class=\"qodef-m-social-icons-group\">\n    <\/div>        \t<var class=\"qodef-m-position\" >Tesorera<\/var>\n    <h3 class=\"qodef-m-name\" >\n    Amaya Urzaa    <\/h3>\n\n    <p class=\"qodef-m-text\" >Gerente de Relaciones Comerciales, First Interstate Bank<\/p>\n\n        <\/div>\n\n    <\/div>\n<\/div>[vc_tta_accordion c_align=\u00bbcenter\u00bb active_section=\u00bb999&#8243; collapsible_all=\u00bbtrue\u00bb css=\u00bb.vc_custom_1762197438768{margin-top: 20px !important;}\u00bb][vc_tta_section title=\u00bbConoce M\u00e1s Acerca de Amaya\u00bb tab_id=\u00bb1762277496164-6b08947d-5700&#8243;][vc_column_text css=\u00bb\u00bb]El padre de Amaya era un inmigrante de clase trabajadora, de habla hispana y originario del Pa\u00eds Vasco, Espa\u00f1a. Ella creci\u00f3 escuch\u00e1ndolo relatar historias sobre el fascismo y la violencia \u00e9tnica, y sobre lo afortunada que era por haber nacido en los Estados Unidos. La educaci\u00f3n, dec\u00eda \u00e9l, era la clave del \u00e9xito en este pa\u00eds.<\/p>\n<p>Siguiendo ese consejo, Amaya obtuvo una licenciatura en Estudios Internacionales con especialidad en Am\u00e9rica Latina por la Universidad Estatal de Portland (PSU), y una maestr\u00eda en Desarrollo Organizacional por la Universidad de Texas en Dallas. Resulta que su padre ten\u00eda raz\u00f3n: hoy en d\u00eda, Amaya lidera el equipo de banca comercial de First Interstate Bank para el \u00e1rea metropolitana de Portland y ha trabajado en el sector bancario desde 1996.<\/p>\n<p>Ella est\u00e1 encantada de poner sus conocimientos en finanzas y planeaci\u00f3n de negocios al servicio de la misi\u00f3n de El Programa Hispano como miembro de su Junta Directiva.<\/p>\n<p><span style=\"font-weight: 400;\"><a href=\"http:\/\/www.linkedin.com\/in\/amaya\" target=\"_blank\" rel=\"noopener\">Sigue a Amaya en LinkedIn<\/a><\/span>[\/vc_column_text][\/vc_tta_section][\/vc_tta_accordion][\/vc_column][vc_column offset=\u00bbvc_col-lg-4 vc_col-md-6&#8243;]<div class=\"qodef-shortcode qodef-m  qodef-team qodef-layout--info-below\">\n    <div class=\"qodef-m-inner\">\n        <div class=\"qodef-m-image\">\n    <img loading=\"lazy\" decoding=\"async\" width=\"250\" height=\"250\" src=\"https:\/\/elprograma.org\/wp-content\/uploads\/2024\/07\/Yunuen-Tavares_Board_250x250.png\" class=\"attachment-full size-full\" alt=\"Yunuen Tavares\" srcset=\"https:\/\/elprograma.org\/wp-content\/uploads\/2024\/07\/Yunuen-Tavares_Board_250x250.png 250w, https:\/\/elprograma.org\/wp-content\/uploads\/2024\/07\/Yunuen-Tavares_Board_250x250-150x150.png 150w\" sizes=\"auto, (max-width: 250px) 100vw, 250px\" \/>\t\n\t\t\t<a class=\"qodef-team-link\" href=\"#\" target=\"_self\"><\/a>\n\t<\/div>\n\n        <div class=\"qodef-m-team-info\">\n\t\t\t<div class=\"qodef-m-social-icons-group\">\n    <\/div>        \t<var class=\"qodef-m-position\" >Miembro de la Junta Directiva<\/var>\n    <h3 class=\"qodef-m-name\" >\n    Yunuen Tavares    <\/h3>\n\n    <p class=\"qodef-m-text\" >Oficial de Pr\u00e9stamos, Community Lending Works<\/p>\n\n        <\/div>\n\n    <\/div>\n<\/div>[vc_tta_accordion c_align=\u00bbcenter\u00bb active_section=\u00bb999&#8243; collapsible_all=\u00bbtrue\u00bb css=\u00bb.vc_custom_1762197438768{margin-top: 20px !important;}\u00bb][vc_tta_section title=\u00bbConoce M\u00e1s Acerca de Yunuen\u00bb tab_id=\u00bb1762197009911-69ba710d-892f\u00bb][vc_column_text css=\u00bb\u00bb]Biograf\u00eda disponible pr\u00f3ximamente.<\/p>\n<p><span style=\"font-weight: 400;\"><a href=\"https:\/\/www.linkedin.com\/in\/ytavares1981\/\" target=\"_blank\" rel=\"noopener\">Sigue a Yunuen en LinkedIn<\/a>.<\/span>[\/vc_column_text][\/vc_tta_section][\/vc_tta_accordion][\/vc_column][vc_column offset=\u00bbvc_col-lg-4 vc_col-md-6&#8243;]<div class=\"qodef-shortcode qodef-m  qodef-team qodef-layout--info-below\">\n    <div class=\"qodef-m-inner\">\n        <div class=\"qodef-m-image\">\n    <img loading=\"lazy\" decoding=\"async\" width=\"250\" height=\"250\" src=\"https:\/\/elprograma.org\/wp-content\/uploads\/2025\/11\/Camerina-Galvan_2025_2.jpeg\" class=\"attachment-full size-full\" alt=\"\" srcset=\"https:\/\/elprograma.org\/wp-content\/uploads\/2025\/11\/Camerina-Galvan_2025_2.jpeg 250w, https:\/\/elprograma.org\/wp-content\/uploads\/2025\/11\/Camerina-Galvan_2025_2-150x150.jpeg 150w\" sizes=\"auto, (max-width: 250px) 100vw, 250px\" \/>\t\n\t\t\t<a class=\"qodef-team-link\" href=\"#\" target=\"_self\"><\/a>\n\t<\/div>\n\n        <div class=\"qodef-m-team-info\">\n\t\t\t<div class=\"qodef-m-social-icons-group\">\n    <\/div>        \t<var class=\"qodef-m-position\" >Miembro de la Junta Directiva<\/var>\n    <h3 class=\"qodef-m-name\" >\n    Camerina Galv\u00e1n, MA    <\/h3>\n\n    <p class=\"qodef-m-text\" >Emprendedora<\/p>\n\n        <\/div>\n\n    <\/div>\n<\/div>[vc_tta_accordion c_align=\u00bbcenter\u00bb active_section=\u00bb999&#8243; collapsible_all=\u00bbtrue\u00bb css=\u00bb.vc_custom_1762197438768{margin-top: 20px !important;}\u00bb][vc_tta_section title=\u00bbConoce M\u00e1s Acerca de Camerina\u00bb tab_id=\u00bb1762197009911-69ba710d-892f\u00bb][vc_column_text css=\u00bb\u00bb]Camerina (pronombres preferidos: ella) es hija de padres inmigrantes mexicanos originarios de Jalisco, M\u00e9xico. Creci\u00f3 entre Oreg\u00f3n y M\u00e9xico, y recuerda haber aprendido desde muy joven que EPHC es el lugar al que la gente acude cuando necesita ayuda.<\/p>\n<p>Es graduada universitaria de primera generaci\u00f3n; obtuvo su licenciatura en Estudios Hisp\u00e1nicos por el Lewis &amp; Clark College y una maestr\u00eda en Desarrollo Humano y Servicios Familiares por la Universidad de Missouri. Tras a\u00f1os de trayectoria en el sector sin fines de lucro y en la educaci\u00f3n p\u00fablica, dio un giro hacia el emprendimiento. A trav\u00e9s de Galvan Consulting, Camerina transforma el caos administrativo y de operaciones en tranquilidad para sus clientes.<\/p>\n<p><span style=\"font-weight: 400;\"><a href=\"https:\/\/www.linkedin.com\/in\/camegalvan\" target=\"_blank\" rel=\"noopener\">Sigue a Camerina en LinkedIn<\/a>.<\/span>[\/vc_column_text][\/vc_tta_section][\/vc_tta_accordion][\/vc_column][vc_column offset=\u00bbvc_col-lg-4 vc_col-md-6&#8243;]<div class=\"qodef-shortcode qodef-m  qodef-team qodef-layout--info-below\">\n    <div class=\"qodef-m-inner\">\n        <div class=\"qodef-m-image\">\n    <img loading=\"lazy\" decoding=\"async\" width=\"250\" height=\"250\" src=\"https:\/\/elprograma.org\/wp-content\/uploads\/2024\/07\/Kimberly-Quiroz_Board_250x250.png\" class=\"attachment-full size-full\" alt=\"Kimberly Quiroz\" srcset=\"https:\/\/elprograma.org\/wp-content\/uploads\/2024\/07\/Kimberly-Quiroz_Board_250x250.png 250w, https:\/\/elprograma.org\/wp-content\/uploads\/2024\/07\/Kimberly-Quiroz_Board_250x250-150x150.png 150w\" sizes=\"auto, (max-width: 250px) 100vw, 250px\" \/>\t\n\t\t\t<a class=\"qodef-team-link\" href=\"#\" target=\"_self\"><\/a>\n\t<\/div>\n\n        <div class=\"qodef-m-team-info\">\n\t\t\t<div class=\"qodef-m-social-icons-group\">\n    <\/div>        \t<var class=\"qodef-m-position\" >Miembro de la Junta Directiva<\/var>\n    <h3 class=\"qodef-m-name\" >\n    Kimberly Quiroz    <\/h3>\n\n    <p class=\"qodef-m-text\" >Desarrolladora Principal de Negocios, Camara Metropolitana Hispana<\/p>\n\n        <\/div>\n\n    <\/div>\n<\/div>[vc_tta_accordion c_align=\u00bbcenter\u00bb active_section=\u00bb999&#8243; collapsible_all=\u00bbtrue\u00bb css=\u00bb.vc_custom_1762197438768{margin-top: 20px !important;}\u00bb][vc_tta_section title=\u00bbConoce M\u00e1s Acerca de Kimberly\u00bb tab_id=\u00bb1762197009911-69ba710d-892f\u00bb][vc_column_text css=\u00bb\u00bb]Kimberly Quiroz es la orgullosa hija de padres inmigrantes y residente de Oreg\u00f3n desde hace mucho tiempo. Como beneficiaria de DACA, comprende de primera mano las barreras que enfrentan las familias inmigrantes, obst\u00e1culos que han impulsado su compromiso con la creaci\u00f3n de oportunidades econ\u00f3micas inclusivas.<\/p>\n<p>Actualmente, Kimberly se desempe\u00f1a como Desarrolladora de Negocios Senior para la C\u00e1mara Hispana Metropolitana (Hispanic Metropolitan Chamber), donde apoya a emprendedores en Vancouver, Washington. Trabaja con empresas emergentes (startups) de diversos sectores y ayuda a negocios en expansi\u00f3n a navegar nuevos mercados geogr\u00e1ficos, asegur\u00e1ndose de que cuenten con las licencias adecuadas a nivel federal, estatal y local. Su labor garantiza que los due\u00f1os de negocios tengan acceso a las herramientas y recursos necesarios para triunfar.<\/p>\n<p>Criada en el seno de una empresa de construcci\u00f3n familiar, la pasi\u00f3n de Kimberly por la abogac\u00eda y la movilidad econ\u00f3mica tiene sus ra\u00edces en su propia experiencia de vida. Se siente orgullosa de servir como miembro de la Junta Directiva de El Programa Hispano, ya que cree profundamente en la misi\u00f3n de la organizaci\u00f3n de promover la equidad racial y la autodeterminaci\u00f3n en la comunidad latina.<\/p>\n<p><span style=\"font-weight: 400;\"><a href=\"https:\/\/www.linkedin.com\/in\/kimberly-quiroz\/\" target=\"_blank\" rel=\"noopener\">Sigue a Kimberly en LinkedIn<\/a>.<\/span>[\/vc_column_text][\/vc_tta_section][\/vc_tta_accordion][\/vc_column][vc_column offset=\u00bbvc_col-lg-4 vc_col-md-6&#8243;]<div class=\"qodef-shortcode qodef-m  qodef-team qodef-layout--info-below\">\n    <div class=\"qodef-m-inner\">\n        <div class=\"qodef-m-image\">\n    <img loading=\"lazy\" decoding=\"async\" width=\"250\" height=\"250\" src=\"https:\/\/elprograma.org\/wp-content\/uploads\/2023\/05\/photocomingsoonBW-e1685995463534.jpg\" class=\"attachment-full size-full\" alt=\"\" srcset=\"https:\/\/elprograma.org\/wp-content\/uploads\/2023\/05\/photocomingsoonBW-e1685995463534.jpg 250w, https:\/\/elprograma.org\/wp-content\/uploads\/2023\/05\/photocomingsoonBW-e1685995463534-150x150.jpg 150w\" sizes=\"auto, (max-width: 250px) 100vw, 250px\" \/>\t\n\t\t\t<a class=\"qodef-team-link\" href=\"#\" target=\"_self\"><\/a>\n\t<\/div>\n\n        <div class=\"qodef-m-team-info\">\n\t\t\t<div class=\"qodef-m-social-icons-group\">\n    <\/div>        \t<var class=\"qodef-m-position\" >Miembro de la Junta Directiva<\/var>\n    <h3 class=\"qodef-m-name\" >\n    Hermana Veronica Schueler, FSE    <\/h3>\n\n    <p class=\"qodef-m-text\" >Canciller, Arquidi\u00f3cesis de Portland Oregon<\/p>\n\n        <\/div>\n\n    <\/div>\n<\/div>[vc_tta_accordion c_align=\u00bbcenter\u00bb active_section=\u00bb999&#8243; collapsible_all=\u00bbtrue\u00bb css=\u00bb.vc_custom_1762197438768{margin-top: 20px !important;}\u00bb][vc_tta_section title=\u00bbConoce M\u00e1s Acerca de la Hermana Veronica\u00bb tab_id=\u00bb1762197009911-69ba710d-892f\u00bb][vc_column_text css=\u00bb\u00bb]Biograf\u00eda disponible pr\u00f3ximamente.[\/vc_column_text][\/vc_tta_section][\/vc_tta_accordion][\/vc_column][vc_column offset=\u00bbvc_col-lg-4 vc_col-md-6&#8243;]<div class=\"qodef-shortcode qodef-m  qodef-team qodef-layout--info-below\">\n    <div class=\"qodef-m-inner\">\n        <div class=\"qodef-m-image\">\n    <img loading=\"lazy\" decoding=\"async\" width=\"250\" height=\"250\" src=\"https:\/\/elprograma.org\/wp-content\/uploads\/2023\/05\/photocomingsoonBW-e1685995463534.jpg\" class=\"attachment-full size-full\" alt=\"\" srcset=\"https:\/\/elprograma.org\/wp-content\/uploads\/2023\/05\/photocomingsoonBW-e1685995463534.jpg 250w, https:\/\/elprograma.org\/wp-content\/uploads\/2023\/05\/photocomingsoonBW-e1685995463534-150x150.jpg 150w\" sizes=\"auto, (max-width: 250px) 100vw, 250px\" \/>\t\n\t\t\t<a class=\"qodef-team-link\" href=\"#\" target=\"_self\"><\/a>\n\t<\/div>\n\n        <div class=\"qodef-m-team-info\">\n\t\t\t<div class=\"qodef-m-social-icons-group\">\n    <\/div>        \t<var class=\"qodef-m-position\" >Miembro de la Junta Directiva<\/var>\n    <h3 class=\"qodef-m-name\" >\n    Kaleen Deatherage    <\/h3>\n\n    <p class=\"qodef-m-text\" >Directora Ejecutiva, Caridades Cat\u00f3licas de Oregon<\/p>\n\n        <\/div>\n\n    <\/div>\n<\/div>[vc_tta_accordion c_align=\u00bbcenter\u00bb active_section=\u00bb999&#8243; collapsible_all=\u00bbtrue\u00bb css=\u00bb.vc_custom_1762197438768{margin-top: 20px !important;}\u00bb][vc_tta_section title=\u00bbConoce M\u00e1s Acerca de Kathleen\u00bb tab_id=\u00bb1762197009911-69ba710d-892f\u00bb][vc_column_text css=\u00bb\u00bb]Biograf\u00eda disponible pr\u00f3ximamente.[\/vc_column_text][\/vc_tta_section][\/vc_tta_accordion][\/vc_column][vc_column offset=\u00bbvc_col-lg-4 vc_col-md-6&#8243;]<div class=\"qodef-shortcode qodef-m  qodef-team qodef-layout--info-below\">\n    <div class=\"qodef-m-inner\">\n        <div class=\"qodef-m-image\">\n    <img loading=\"lazy\" decoding=\"async\" width=\"250\" height=\"250\" src=\"https:\/\/elprograma.org\/wp-content\/uploads\/2025\/11\/Danny-Rauda.jpg\" class=\"attachment-full size-full\" alt=\"\" srcset=\"https:\/\/elprograma.org\/wp-content\/uploads\/2025\/11\/Danny-Rauda.jpg 250w, https:\/\/elprograma.org\/wp-content\/uploads\/2025\/11\/Danny-Rauda-150x150.jpg 150w\" sizes=\"auto, (max-width: 250px) 100vw, 250px\" \/>\t\n\t\t\t<a class=\"qodef-team-link\" href=\"#\" target=\"_self\"><\/a>\n\t<\/div>\n\n        <div class=\"qodef-m-team-info\">\n\t\t\t<div class=\"qodef-m-social-icons-group\">\n    <\/div>        \t<var class=\"qodef-m-position\" >Miembro de la Junta Directiva<\/var>\n    <h3 class=\"qodef-m-name\" >\n    Danny Rauda    <\/h3>\n\n    <p class=\"qodef-m-text\" >Iglesia Cat\u00f3lica de St. Anthony<\/p>\n\n        <\/div>\n\n    <\/div>\n<\/div>[vc_tta_accordion c_align=\u00bbcenter\u00bb active_section=\u00bb999&#8243; collapsible_all=\u00bbtrue\u00bb css=\u00bb.vc_custom_1762197438768{margin-top: 20px !important;}\u00bb][vc_tta_section title=\u00bbConoce M\u00e1s Acerca de Danny\u00bb tab_id=\u00bb1762197009911-69ba710d-892f\u00bb][vc_column_text css=\u00bb\u00bb]La principal vocaci\u00f3n de Danny Rauda es la de esposo y padre de dos ni\u00f1os peque\u00f1os. Sin embargo, la identidad que m\u00e1s ha marcado la trayectoria de su vida es la de ser hijo de inmigrantes salvadore\u00f1os. Como el primer miembro de su familia nacido en los Estados Unidos, se siente llamado a utilizar sus dones para fomentar la unidad en la diversidad y promover la justicia social junto a los pobres, marginados y oprimidos, especialmente los migrantes.<\/p>\n<p>Esta misi\u00f3n lo llev\u00f3 a la Iglesia Cat\u00f3lica St. Anthony, en la Arquidi\u00f3cesis de Portland en Oreg\u00f3n, donde se ha desempe\u00f1ado como Coordinador del Ministerio de Justicia Social durante los \u00faltimos cinco a\u00f1os. Recientemente obtuvo una Maestr\u00eda en Estudios Pastorales por la Universidad Loyola de Chicago, donde fue uno de los primeros becarios de la <a href=\"https:\/\/linkprotect.cudasvc.com\/url?a=https%3a%2f%2fhaciendocaminos.nd.edu%2f%3ffbclid%3dIwY2xjawKlef9leHRuA2FlbQIxMABicmlkETFXU2VTRXA1aUVZNFVjbDFSAR5zCNr88dpBn1VZCfxyhHeeXgmdc-Zt2-G_F0fRkoB2wX_Q0d9HOpFgfMe8wg_aem_uY14V-JRKc7N-BlJptQ-kw&amp;c=E,1,WzlTtSyMPBATUKtW22TjBRaV0NLsP8hzkjqBAAYk1oLZLaUwdY5QoicQ1RIiWCNSsLxA_yQuX8HSDdIL2rATKtNTIks8-TDJ86H0LsyGI7_HJ_xii8a7Y1DMD4B8&amp;typo=1\" target=\"_blank\" rel=\"noopener\">iniciativa Haciendo Caminos<\/a> y fue galardonado con el <a href=\"https:\/\/linkprotect.cudasvc.com\/url?a=https%3a%2f%2fwww.luc.edu%2fgpasl%2fspecialevents%2fpresidentsmedallion%2f&amp;c=E,1,ACwPJ26Beofptn8r1IVn6HeghZbmH899nJn6ShdiUckFqidqBPjbbvGsXN9KUB919Z8EG3I-NJugJ31tFmBXYFyyNMKoYCcV-fbGkHIC1HPwTPC1qtyb&amp;typo=1\" target=\"_blank\" rel=\"noopener\">President\u2019s Medallion<\/a> de la universidad por su excelencia acad\u00e9mica, liderazgo y servicio.<\/p>\n<p>Danny cuenta con formaci\u00f3n avanzada en organizaci\u00f3n comunitaria de base a trav\u00e9s de la <a href=\"https:\/\/linkprotect.cudasvc.com\/url?a=https%3a%2f%2fwww.iafpacific.org%2ftraining&amp;c=E,1,TDWG6eQnuuv5k03AqOdttRmh_iTH-9jmOqDobonO7f27IKaXrfD3e-J4hT9aXhfie07YZsylqHtDNKJZTaZpL_JI2SbSTO615fgtDGpDM6mTiBk,&amp;typo=1\" target=\"_blank\" rel=\"noopener\">IAF Pacific<\/a> y complet\u00f3 el Programa de Certificaci\u00f3n en Doctrina Social de la Iglesia en 2023. Recientemente puso en pr\u00e1ctica esta formaci\u00f3n al organizar a inquilinos locales para llevar a cabo un <a href=\"https:\/\/linkprotect.cudasvc.com\/url?a=https%3a%2f%2ftigardlife.com%2flocal-news%2fhundreds-at-homeless-forum-pledge-to-tackle-the-issue-in-washington-county%2f&amp;c=E,1,p-ST2bGXLK4bmOwGwcpt99d8hrzUPmhkw7hSitHi4vgqADCy1juw8uf8vTMZxTUHTRvGKNr7fHM--MISJUbGZIkzA_UBd9q4X3lcfwtcqRT4qe0fYasOJc9D&amp;typo=1\" target=\"_blank\" rel=\"noopener\">foro de justicia de vivienda<\/a> que atrajo a m\u00e1s de 230 personas, incluyendo a cinco representantes clave de todos los niveles del gobierno local. Tambi\u00e9n encabez\u00f3 una delegaci\u00f3n al capitolio estatal para una jornada de abogac\u00eda por la justicia de vivienda.<\/p>\n<p>Danny espera aportar estas experiencias en organizaci\u00f3n comunitaria basada en la fe, abogac\u00eda y liderazgo a su funci\u00f3n en la junta directiva de El Programa Hispano, apoyando su misi\u00f3n de servir y empoderar a las comunidades latinas en todo Oreg\u00f3n.[\/vc_column_text][\/vc_tta_section][\/vc_tta_accordion][\/vc_column][vc_column offset=\u00bbvc_col-lg-4 vc_col-md-6&#8243;]<div class=\"qodef-shortcode qodef-m  qodef-team qodef-layout--info-below\">\n    <div class=\"qodef-m-inner\">\n        <div class=\"qodef-m-image\">\n    <img loading=\"lazy\" decoding=\"async\" width=\"250\" height=\"250\" src=\"https:\/\/elprograma.org\/wp-content\/uploads\/2023\/05\/photocomingsoonBW-e1685995463534.jpg\" class=\"attachment-full size-full\" alt=\"\" srcset=\"https:\/\/elprograma.org\/wp-content\/uploads\/2023\/05\/photocomingsoonBW-e1685995463534.jpg 250w, https:\/\/elprograma.org\/wp-content\/uploads\/2023\/05\/photocomingsoonBW-e1685995463534-150x150.jpg 150w\" sizes=\"auto, (max-width: 250px) 100vw, 250px\" \/>\t\n\t\t\t<a class=\"qodef-team-link\" href=\"#\" target=\"_self\"><\/a>\n\t<\/div>\n\n        <div class=\"qodef-m-team-info\">\n\t\t\t<div class=\"qodef-m-social-icons-group\">\n    <\/div>        \t<var class=\"qodef-m-position\" >Miembro de la Junta Directiva<\/var>\n    <h3 class=\"qodef-m-name\" >\n    Claudia Ugalde    <\/h3>\n\n    <p class=\"qodef-m-text\" >Standard Insurance Company<\/p>\n\n        <\/div>\n\n    <\/div>\n<\/div>[vc_tta_accordion c_align=\u00bbcenter\u00bb active_section=\u00bb999&#8243; collapsible_all=\u00bbtrue\u00bb css=\u00bb.vc_custom_1762197438768{margin-top: 20px !important;}\u00bb][vc_tta_section title=\u00bbConoce M\u00e1s Acerca de Claudia\u00bb tab_id=\u00bb1762197009911-69ba710d-892f\u00bb][vc_column_text css=\u00bb\u00bb]Biograf\u00eda disponible pr\u00f3ximamente.[\/vc_column_text][\/vc_tta_section][\/vc_tta_accordion][\/vc_column][\/vc_row][vc_row content_text_alignment=\u00bbleft\u00bb css=\u00bb.vc_custom_1716232892127{padding-top: 20px !important;padding-bottom: 50px !important;background-color: #f4f3f1 !important;}\u00bb svg_background=\u00bb%5B%7B%7D%5D\u00bb el_id=\u00bbOpen Position\u00bb][vc_column][vc_row_inner row_content_width=\u00bbgrid\u00bb svg_background=\u00bb%5B%7B%7D%5D\u00bb][vc_column_inner offset=\u00bbvc_col-lg-2 vc_col-md-1&#8243;][\/vc_column_inner][vc_column_inner css=\u00bb.vc_custom_1685995772593{padding-right: 20px !important;padding-left: 20px !important;}\u00bb offset=\u00bbvc_col-lg-4 vc_col-md-4 vc_hidden-sm vc_hidden-xs\u00bb][vc_column_text css=\u00bb\u00bb]<iframe class=\"uyd-embedded\" style=\"width: 100%;\" src=\"https:\/\/drive.google.com\/file\/d\/1_YZy-IGaIitPd2-Ggsvg00Y2SSX-4_vH\/preview?rm=minimal\" height=\"400\" frameborder=\"0\" scrolling=\"no\" allowfullscreen=\"allowfullscreen\"><\/iframe>[\/vc_column_text][\/vc_column_inner][vc_column_inner css=\u00bb.vc_custom_1685995777014{padding-right: 20px !important;padding-left: 20px !important;}\u00bb offset=\u00bbvc_col-lg-4 vc_col-md-4&#8243;]<div class=\"qodef-shortcode qodef-m  qodef-section-title qodef-alignment--left \">\n\t\t<h5 class=\"qodef-m-subtitle\" >\n\t\t\u00danase a Nuestra Mesa Directiva de Administraci\u00f3n\t<\/h5>\n\t\t\t<h2 class=\"qodef-m-title\" >\n\t\t\t\t\tPosici\u00f3n Abierta\t\t\t<\/h2>\n\t<\/div>[vc_column_text css=\u00bb\u00bb]\u00bfLe apasiona empoderar a nuestra comunidad? \u00bfCree que EPHC podr\u00eda beneficiarse de su liderazgo?<br class=\"wixui-rich-text__text\" \/>\u00bfQu\u00e9 est\u00e1 esperando? \u00danase a nuestro Consejo de Administraci\u00f3n y ay\u00fadenos a construir un futuro mejor para nuestra comunidad.[\/vc_column_text][vc_empty_space height=\u00bb22px\u00bb]<a class=\"qodef-shortcode qodef-m  qodef-button qodef-layout--filled  qodef-html--link\" href=\"https:\/\/drive.google.com\/uc?export=download&#038;id=1Rc2aQahsWlStNsstgsVsOIthyccG_xWJ\" target=\"_blank\"  >\n\t<span class=\"qodef-m-text\">Paquete de Informaci\u00f3n.<\/span>\n<\/a>[vc_empty_space height=\u00bb22px\u00bb][\/vc_column_inner][vc_column_inner offset=\u00bbvc_col-lg-2 vc_col-md-1&#8243;][\/vc_column_inner][\/vc_row_inner][\/vc_column][\/vc_row][vc_row content_placement=\u00bbmiddle\u00bb content_text_alignment=\u00bbcenter\u00bb svg_background=\u00bb%5B%7B%7D%5D\u00bb el_id=\u00bbcontact us CTA\u00bb][vc_column css=\u00bb.vc_custom_1572868252925{padding-top: 0px !important;padding-right: 0px !important;padding-left: 0px !important;}\u00bb]<div class=\"qodef-shortcode qodef-m  qodef-call-to-action qodef-layout--simple qodef-style--centered\" >\n\t<div class=\"qodef-m-inner\" style=\"background-color: #f15b43;height: 160px\">\n\t\t\t<div class=\"qodef-m-content\">\n<h2><a href=\"https:\/\/elprograma.org\/es\/quienes-somos\/contactenos\/\"><span style=\"color: #ffffff;\">Contacta con nosotros hoy!<\/span><\/a><\/h2>\n<\/div>\n\t<\/div>\n<\/div>[\/vc_column][\/vc_row][vc_row row_content_width=\u00bbgrid\u00bb svg_background=\u00bb%5B%7B%7D%5D\u00bb el_id=\u00bbOur Current Board\u00bb][vc_column offset=\u00bbvc_col-lg-4 vc_col-md-6&#8243; css=\u00bb.vc_custom_1762196899944{padding-bottom: 70px !important;}\u00bb]<div class=\"qodef-shortcode qodef-m  qodef-team qodef-layout--info-below\">\n    <div class=\"qodef-m-inner\">\n        <div class=\"qodef-m-image\">\n    <img loading=\"lazy\" decoding=\"async\" width=\"250\" height=\"250\" src=\"https:\/\/elprograma.org\/wp-content\/uploads\/2023\/05\/Mariana-Orozco2-e1685995432162.jpg\" class=\"attachment-full size-full\" alt=\"\" srcset=\"https:\/\/elprograma.org\/wp-content\/uploads\/2023\/05\/Mariana-Orozco2-e1685995432162.jpg 250w, https:\/\/elprograma.org\/wp-content\/uploads\/2023\/05\/Mariana-Orozco2-e1685995432162-150x150.jpg 150w\" sizes=\"auto, (max-width: 250px) 100vw, 250px\" \/>\t\n\t\t\t<a class=\"qodef-team-link\" href=\"#\" target=\"_self\"><\/a>\n\t<\/div>\n\n        <div class=\"qodef-m-team-info\">\n\t\t\t<div class=\"qodef-m-social-icons-group\">\n    <\/div>        \t<var class=\"qodef-m-position\" >Chair<\/var>\n    <h3 class=\"qodef-m-name\" >\n    Mariana Orozco    <\/h3>\n\n    <p class=\"qodef-m-text\" >Business Director, Global Product Licensing at Nike<\/p>\n\n        <\/div>\n\n    <\/div>\n<\/div>[vc_tta_accordion c_align=\u00bbcenter\u00bb active_section=\u00bb999&#8243; collapsible_all=\u00bbtrue\u00bb css=\u00bb.vc_custom_1762277918373{margin-top: 20px !important;}\u00bb][vc_tta_section title=\u00bbRead More About Mariana\u00bb tab_id=\u00bb1762197009911-69ba710d-892f\u00bb][vc_column_text css=\u00bb\u00bb]Born in M\u00e9rida, Yucat\u00e1n and raised in Guadalajara, Jalisco, Mariana Orozco grew up in a household rooted in strong family values, faith, community support, and resilience. These early influences shaped her deep commitment to helping others and staying connected to her cultural heritage.<\/p>\n<p>Mariana\u2019s professional journey began with determination and grit. After working full-time to support her education, she earned a bachelor&#8217;s degree in international business, this perseverance continues to define her career.<br \/>\nHer professional journey includes almost two decades at Nike, where she now serves as Business Director of Global Product Licensing, helping to shape strategies that drive brand growth and innovation.<\/p>\n<p>As a proud Latina immigrant, Mariana brings empathy, respect, and advocacy to her work. Her personal experience fuels her commitment to supporting immigrant communities and honoring the sacrifices made by those who pursue better opportunities for their families.<br \/>\nMariana is passionate about the work that EPHC does and is honored to serve as Board Chair, contributing to shaping the organization\u2019s strategy and long-term vision.<\/p>\n<p><span style=\"font-weight: 400;\"><a href=\"https:\/\/www.linkedin.com\/in\/mariana-orozco-abb83b132\/\" target=\"_blank\" rel=\"noopener\">Follow Mariana on LinkedIn<\/a>.<\/span>[\/vc_column_text][\/vc_tta_section][\/vc_tta_accordion][\/vc_column][vc_column offset=\u00bbvc_col-lg-4 vc_col-md-6&#8243; css=\u00bb.vc_custom_1762196907384{padding-bottom: 70px !important;}\u00bb]<div class=\"qodef-shortcode qodef-m  qodef-team qodef-layout--info-below\">\n    <div class=\"qodef-m-inner\">\n        <div class=\"qodef-m-image\">\n    <img loading=\"lazy\" decoding=\"async\" width=\"250\" height=\"250\" src=\"https:\/\/elprograma.org\/wp-content\/uploads\/2023\/05\/Zuri-Lopez-e1685995450369.jpg\" class=\"attachment-full size-full\" alt=\"\" srcset=\"https:\/\/elprograma.org\/wp-content\/uploads\/2023\/05\/Zuri-Lopez-e1685995450369.jpg 250w, https:\/\/elprograma.org\/wp-content\/uploads\/2023\/05\/Zuri-Lopez-e1685995450369-150x150.jpg 150w\" sizes=\"auto, (max-width: 250px) 100vw, 250px\" \/>\t\n\t\t\t<a class=\"qodef-team-link\" href=\"#\" target=\"_self\"><\/a>\n\t<\/div>\n\n        <div class=\"qodef-m-team-info\">\n\t\t\t<div class=\"qodef-m-social-icons-group\">\n    <\/div>        \t<var class=\"qodef-m-position\" >Vice-Chair<\/var>\n    <h3 class=\"qodef-m-name\" >\n    Zuri L\u00f3pez    <\/h3>\n\n    <p class=\"qodef-m-text\" >Policy Analyst, Oregon Health Authority<\/p>\n\n        <\/div>\n\n    <\/div>\n<\/div>[vc_tta_accordion c_align=\u00bbcenter\u00bb active_section=\u00bb999&#8243; collapsible_all=\u00bbtrue\u00bb css=\u00bb.vc_custom_1762197438768{margin-top: 20px !important;}\u00bb][vc_tta_section title=\u00bbRead More About Zuri\u00bb tab_id=\u00bb1762197009911-69ba710d-892f\u00bb][vc_column_text css=\u00bb\u00bb]Bio coming soon.[\/vc_column_text][\/vc_tta_section][\/vc_tta_accordion][\/vc_column][vc_column offset=\u00bbvc_col-lg-4 vc_col-md-6&#8243; css=\u00bb.vc_custom_1762196913130{padding-bottom: 70px !important;}\u00bb column_responsive_padding_680=\u00bb0 0 95px\u00bb]<div class=\"qodef-shortcode qodef-m  qodef-team qodef-layout--info-below\">\n    <div class=\"qodef-m-inner\">\n        <div class=\"qodef-m-image\">\n    <img loading=\"lazy\" decoding=\"async\" width=\"250\" height=\"250\" src=\"https:\/\/elprograma.org\/wp-content\/uploads\/2024\/07\/Amaya-Urzaa_Board_250x250.png\" class=\"attachment-full size-full\" alt=\"Amaya Urzaa\" srcset=\"https:\/\/elprograma.org\/wp-content\/uploads\/2024\/07\/Amaya-Urzaa_Board_250x250.png 250w, https:\/\/elprograma.org\/wp-content\/uploads\/2024\/07\/Amaya-Urzaa_Board_250x250-150x150.png 150w\" sizes=\"auto, (max-width: 250px) 100vw, 250px\" \/>\t\n\t\t\t<a class=\"qodef-team-link\" href=\"#\" target=\"_self\"><\/a>\n\t<\/div>\n\n        <div class=\"qodef-m-team-info\">\n\t\t\t<div class=\"qodef-m-social-icons-group\">\n    <\/div>        \t<var class=\"qodef-m-position\" >Treasurer<\/var>\n    <h3 class=\"qodef-m-name\" >\n    Amaya Urzaa    <\/h3>\n\n    <p class=\"qodef-m-text\" >Commercial Relationship Manager, First Interstate Bank<\/p>\n\n        <\/div>\n\n    <\/div>\n<\/div>[vc_tta_accordion c_align=\u00bbcenter\u00bb active_section=\u00bb999&#8243; collapsible_all=\u00bbtrue\u00bb css=\u00bb.vc_custom_1762197438768{margin-top: 20px !important;}\u00bb][vc_tta_section title=\u00bbRead More About Amaya\u00bb tab_id=\u00bb1762277496164-6b08947d-5700&#8243;][vc_column_text css=\u00bb\u00bb]<span style=\"font-weight: 400;\">Amaya\u2019s father was a Spanish-speaking, blue-collar immigrant from the Basque Country of Spain. She grew up hearing him tell stories about fascism and ethnic violence, and how lucky she was to have been born in the United States. Education, he said, was the key to success here. So, she earned a bachelor\u2019s degree in International Studies\u2013Latin American Region from Portland State University, and a master\u2019s degree in Organizational Development from the University of Texas at Dallas. It turns out that Dad was right, because today, Amaya leads First Interstate Bank\u2019s commercial banking team for the Portland Metro area and has been working in banking since 1996. She is thrilled to be using her skills in finance and business planning to help advance the mission of El Programa Hispano as a member of the Board of Directors. <\/span><\/p>\n<p><span style=\"font-weight: 400;\"><a href=\"http:\/\/www.linkedin.com\/in\/amaya\" target=\"_blank\" rel=\"noopener\">Follow Amaya on LinkedIn.<\/a>.<\/span>[\/vc_column_text][\/vc_tta_section][\/vc_tta_accordion][\/vc_column][vc_column offset=\u00bbvc_col-lg-4 vc_col-md-6&#8243;]<div class=\"qodef-shortcode qodef-m  qodef-team qodef-layout--info-below\">\n    <div class=\"qodef-m-inner\">\n        <div class=\"qodef-m-image\">\n    <img loading=\"lazy\" decoding=\"async\" width=\"250\" height=\"250\" src=\"https:\/\/elprograma.org\/wp-content\/uploads\/2024\/07\/Yunuen-Tavares_Board_250x250.png\" class=\"attachment-full size-full\" alt=\"Yunuen Tavares\" srcset=\"https:\/\/elprograma.org\/wp-content\/uploads\/2024\/07\/Yunuen-Tavares_Board_250x250.png 250w, https:\/\/elprograma.org\/wp-content\/uploads\/2024\/07\/Yunuen-Tavares_Board_250x250-150x150.png 150w\" sizes=\"auto, (max-width: 250px) 100vw, 250px\" \/>\t\n\t\t\t<a class=\"qodef-team-link\" href=\"#\" target=\"_self\"><\/a>\n\t<\/div>\n\n        <div class=\"qodef-m-team-info\">\n\t\t\t<div class=\"qodef-m-social-icons-group\">\n    <\/div>        \t<var class=\"qodef-m-position\" >Board Member<\/var>\n    <h3 class=\"qodef-m-name\" >\n    Yunuen Tavares    <\/h3>\n\n    <p class=\"qodef-m-text\" >Loan Officer, Community Lending Works<\/p>\n\n        <\/div>\n\n    <\/div>\n<\/div>[vc_tta_accordion c_align=\u00bbcenter\u00bb active_section=\u00bb999&#8243; collapsible_all=\u00bbtrue\u00bb css=\u00bb.vc_custom_1762197438768{margin-top: 20px !important;}\u00bb][vc_tta_section title=\u00bbRead More About Yunuen\u00bb tab_id=\u00bb1762197009911-69ba710d-892f\u00bb][vc_column_text css=\u00bb\u00bb]Bio coming soon.<\/p>\n<p><span style=\"font-weight: 400;\"><a href=\"https:\/\/www.linkedin.com\/in\/ytavares1981\/\" target=\"_blank\" rel=\"noopener\">Follow Yunuen on LinkedIn<\/a>.<\/span>[\/vc_column_text][\/vc_tta_section][\/vc_tta_accordion][\/vc_column][vc_column offset=\u00bbvc_col-lg-4 vc_col-md-6&#8243;]<div class=\"qodef-shortcode qodef-m  qodef-team qodef-layout--info-below\">\n    <div class=\"qodef-m-inner\">\n        <div class=\"qodef-m-image\">\n    <img loading=\"lazy\" decoding=\"async\" width=\"250\" height=\"250\" src=\"https:\/\/elprograma.org\/wp-content\/uploads\/2025\/11\/Camerina-Galvan_2025_2.jpeg\" class=\"attachment-full size-full\" alt=\"\" srcset=\"https:\/\/elprograma.org\/wp-content\/uploads\/2025\/11\/Camerina-Galvan_2025_2.jpeg 250w, https:\/\/elprograma.org\/wp-content\/uploads\/2025\/11\/Camerina-Galvan_2025_2-150x150.jpeg 150w\" sizes=\"auto, (max-width: 250px) 100vw, 250px\" \/>\t\n\t\t\t<a class=\"qodef-team-link\" href=\"#\" target=\"_self\"><\/a>\n\t<\/div>\n\n        <div class=\"qodef-m-team-info\">\n\t\t\t<div class=\"qodef-m-social-icons-group\">\n    <\/div>        \t<var class=\"qodef-m-position\" >Board Member<\/var>\n    <h3 class=\"qodef-m-name\" >\n    Camerina Galv\u00e1n, MA    <\/h3>\n\n    <p class=\"qodef-m-text\" >Entrepreneur<\/p>\n\n        <\/div>\n\n    <\/div>\n<\/div>[vc_tta_accordion c_align=\u00bbcenter\u00bb active_section=\u00bb999&#8243; collapsible_all=\u00bbtrue\u00bb css=\u00bb.vc_custom_1762197438768{margin-top: 20px !important;}\u00bb][vc_tta_section title=\u00bbRead More About Camerina\u00bb tab_id=\u00bb1762197009911-69ba710d-892f\u00bb][vc_column_text css=\u00bb\u00bb]<span style=\"font-weight: 400;\">Camerina (she, her) is the daughter of Mexican immigrant parents from Jalisco, Mexico. She grew up in Oregon and Mexico. She remembers learning from an early age that EPHC is a place where people go when they need help. She is a first-generation college graduate with a bachelor&#8217;s degree in Hispanic Studies from Lewis &amp; Clark College and a master&#8217;s degree in Human Development and Family Services from the University of Missouri. After years of working in the nonprofit sector and public education, she pivoted to entrepreneurship. Through Galvan Consulting, she takes administrative and operations from chaos to peace of mind.\u00a0<\/span><\/p>\n<p><span style=\"font-weight: 400;\"><a href=\"https:\/\/www.linkedin.com\/in\/camegalvan\" target=\"_blank\" rel=\"noopener\">Follow Camerina on LinkedIn<\/a>.<\/span>[\/vc_column_text][\/vc_tta_section][\/vc_tta_accordion][\/vc_column][vc_column offset=\u00bbvc_col-lg-4 vc_col-md-6&#8243;]<div class=\"qodef-shortcode qodef-m  qodef-team qodef-layout--info-below\">\n    <div class=\"qodef-m-inner\">\n        <div class=\"qodef-m-image\">\n    <img loading=\"lazy\" decoding=\"async\" width=\"250\" height=\"250\" src=\"https:\/\/elprograma.org\/wp-content\/uploads\/2024\/07\/Kimberly-Quiroz_Board_250x250.png\" class=\"attachment-full size-full\" alt=\"Kimberly Quiroz\" srcset=\"https:\/\/elprograma.org\/wp-content\/uploads\/2024\/07\/Kimberly-Quiroz_Board_250x250.png 250w, https:\/\/elprograma.org\/wp-content\/uploads\/2024\/07\/Kimberly-Quiroz_Board_250x250-150x150.png 150w\" sizes=\"auto, (max-width: 250px) 100vw, 250px\" \/>\t\n\t\t\t<a class=\"qodef-team-link\" href=\"#\" target=\"_self\"><\/a>\n\t<\/div>\n\n        <div class=\"qodef-m-team-info\">\n\t\t\t<div class=\"qodef-m-social-icons-group\">\n    <\/div>        \t<var class=\"qodef-m-position\" >Board Member<\/var>\n    <h3 class=\"qodef-m-name\" >\n    Kimberly Quiroz    <\/h3>\n\n    <p class=\"qodef-m-text\" >Senior Business Developer, Hispanic Metropolitan Chamber<\/p>\n\n        <\/div>\n\n    <\/div>\n<\/div>[vc_tta_accordion c_align=\u00bbcenter\u00bb active_section=\u00bb999&#8243; collapsible_all=\u00bbtrue\u00bb css=\u00bb.vc_custom_1762197438768{margin-top: 20px !important;}\u00bb][vc_tta_section title=\u00bbRead More About Kimberly\u00bb tab_id=\u00bb1762197009911-69ba710d-892f\u00bb][vc_column_text css=\u00bb\u00bb]Kimberly Quiroz is the proud daughter of immigrant parents and a longtime resident of Oregon. As a DACA recipient, she understands firsthand the barriers faced by immigrant families\u2014barriers that have fueled her commitment to building inclusive economic opportunities. Kimberly currently serves as a Senior Business Developer for the Hispanic Metropolitan Chamber, where she supports entrepreneurs in Vancouver, Washington. She works with startups across various sectors and helps expanding businesses navigate new geographic markets, ensuring they are properly licensed at the federal, state, and local levels. Her work ensures business owners have access to the tools and resources they need to succeed.<br \/>\nRaised in a family-owned construction business, Kimberly\u2019s passion for advocacy and economic mobility is rooted in lived experience. She proudly serves as a Board of Director for El Programa Hispano because she believes deeply in the organization\u2019s mission to advance racial equity and self-determination in the Latino community.<\/p>\n<p><span style=\"font-weight: 400;\"><a href=\"https:\/\/www.linkedin.com\/in\/kimberly-quiroz\/\" target=\"_blank\" rel=\"noopener\">Follow Kimberly on LinkedIn<\/a>.<\/span>[\/vc_column_text][\/vc_tta_section][\/vc_tta_accordion][\/vc_column][vc_column offset=\u00bbvc_col-lg-4 vc_col-md-6&#8243;]<div class=\"qodef-shortcode qodef-m  qodef-team qodef-layout--info-below\">\n    <div class=\"qodef-m-inner\">\n        <div class=\"qodef-m-image\">\n    <img loading=\"lazy\" decoding=\"async\" width=\"250\" height=\"250\" src=\"https:\/\/elprograma.org\/wp-content\/uploads\/2023\/05\/photocomingsoonBW-e1685995463534.jpg\" class=\"attachment-full size-full\" alt=\"\" srcset=\"https:\/\/elprograma.org\/wp-content\/uploads\/2023\/05\/photocomingsoonBW-e1685995463534.jpg 250w, https:\/\/elprograma.org\/wp-content\/uploads\/2023\/05\/photocomingsoonBW-e1685995463534-150x150.jpg 150w\" sizes=\"auto, (max-width: 250px) 100vw, 250px\" \/>\t\n\t\t\t<a class=\"qodef-team-link\" href=\"#\" target=\"_self\"><\/a>\n\t<\/div>\n\n        <div class=\"qodef-m-team-info\">\n\t\t\t<div class=\"qodef-m-social-icons-group\">\n    <\/div>        \t<var class=\"qodef-m-position\" >Board Member<\/var>\n    <h3 class=\"qodef-m-name\" >\n    Sister Veronica Schueler, FSE    <\/h3>\n\n    <p class=\"qodef-m-text\" >Chancellor, Archdiocese of Portland Oregon<\/p>\n\n        <\/div>\n\n    <\/div>\n<\/div>[vc_tta_accordion c_align=\u00bbcenter\u00bb active_section=\u00bb999&#8243; collapsible_all=\u00bbtrue\u00bb css=\u00bb.vc_custom_1762197438768{margin-top: 20px !important;}\u00bb][vc_tta_section title=\u00bbRead More About Sister Veronica\u00bb tab_id=\u00bb1762197009911-69ba710d-892f\u00bb][vc_column_text css=\u00bb\u00bb]Bio coming soon.[\/vc_column_text][\/vc_tta_section][\/vc_tta_accordion][\/vc_column][vc_column offset=\u00bbvc_col-lg-4 vc_col-md-6&#8243;]<div class=\"qodef-shortcode qodef-m  qodef-team qodef-layout--info-below\">\n    <div class=\"qodef-m-inner\">\n        <div class=\"qodef-m-image\">\n    <img loading=\"lazy\" decoding=\"async\" width=\"250\" height=\"250\" src=\"https:\/\/elprograma.org\/wp-content\/uploads\/2023\/05\/photocomingsoonBW-e1685995463534.jpg\" class=\"attachment-full size-full\" alt=\"\" srcset=\"https:\/\/elprograma.org\/wp-content\/uploads\/2023\/05\/photocomingsoonBW-e1685995463534.jpg 250w, https:\/\/elprograma.org\/wp-content\/uploads\/2023\/05\/photocomingsoonBW-e1685995463534-150x150.jpg 150w\" sizes=\"auto, (max-width: 250px) 100vw, 250px\" \/>\t\n\t\t\t<a class=\"qodef-team-link\" href=\"#\" target=\"_self\"><\/a>\n\t<\/div>\n\n        <div class=\"qodef-m-team-info\">\n\t\t\t<div class=\"qodef-m-social-icons-group\">\n    <\/div>        \t<var class=\"qodef-m-position\" >Board Member<\/var>\n    <h3 class=\"qodef-m-name\" >\n    Kaleen Deatherage    <\/h3>\n\n    <p class=\"qodef-m-text\" >Executive Director, Catholic Charities of Oregon<\/p>\n\n        <\/div>\n\n    <\/div>\n<\/div>[vc_tta_accordion c_align=\u00bbcenter\u00bb active_section=\u00bb999&#8243; collapsible_all=\u00bbtrue\u00bb css=\u00bb.vc_custom_1762197438768{margin-top: 20px !important;}\u00bb][vc_tta_section title=\u00bbRead More About Kaleen\u00bb tab_id=\u00bb1762197009911-69ba710d-892f\u00bb][vc_column_text css=\u00bb\u00bb]Bio coming soon.[\/vc_column_text][\/vc_tta_section][\/vc_tta_accordion][\/vc_column][vc_column offset=\u00bbvc_col-lg-4 vc_col-md-6&#8243;]<div class=\"qodef-shortcode qodef-m  qodef-team qodef-layout--info-below\">\n    <div class=\"qodef-m-inner\">\n        <div class=\"qodef-m-image\">\n    <img loading=\"lazy\" decoding=\"async\" width=\"250\" height=\"250\" src=\"https:\/\/elprograma.org\/wp-content\/uploads\/2025\/11\/Danny-Rauda.jpg\" class=\"attachment-full size-full\" alt=\"\" srcset=\"https:\/\/elprograma.org\/wp-content\/uploads\/2025\/11\/Danny-Rauda.jpg 250w, https:\/\/elprograma.org\/wp-content\/uploads\/2025\/11\/Danny-Rauda-150x150.jpg 150w\" sizes=\"auto, (max-width: 250px) 100vw, 250px\" \/>\t\n\t\t\t<a class=\"qodef-team-link\" href=\"#\" target=\"_self\"><\/a>\n\t<\/div>\n\n        <div class=\"qodef-m-team-info\">\n\t\t\t<div class=\"qodef-m-social-icons-group\">\n    <\/div>        \t<var class=\"qodef-m-position\" >Board Member<\/var>\n    <h3 class=\"qodef-m-name\" >\n    Danny Rauda    <\/h3>\n\n    <p class=\"qodef-m-text\" >St. Anthony Catholic Church<\/p>\n\n        <\/div>\n\n    <\/div>\n<\/div>[vc_tta_accordion c_align=\u00bbcenter\u00bb active_section=\u00bb999&#8243; collapsible_all=\u00bbtrue\u00bb css=\u00bb.vc_custom_1762197438768{margin-top: 20px !important;}\u00bb][vc_tta_section title=\u00bbRead More About Danny\u00bb tab_id=\u00bb1762197009911-69ba710d-892f\u00bb][vc_column_text css=\u00bb\u00bb]Danny Rauda\u2019s primary vocation is as a husband and father to two young children. Yet the identity that has most shaped the trajectory of his life is being the son of Salvadoran immigrants. As the first U.S.-born member of his family, he feels called to use his gifts to foster unity in diversity and advance social justice with the poor, marginalized, and oppressed\u2014especially migrants. This mission led him to St. Anthony Catholic Church in the Archdiocese of Portland in Oregon, where he has served as Coordinator of the Social Justice Ministry for the past five years. He recently earned a Master of Pastoral Studies from Loyola University Chicago, where he was among the first fellows of the<a href=\"https:\/\/linkprotect.cudasvc.com\/url?a=https%3a%2f%2fhaciendocaminos.nd.edu%2f%3ffbclid%3dIwY2xjawKlef9leHRuA2FlbQIxMABicmlkETFXU2VTRXA1aUVZNFVjbDFSAR5zCNr88dpBn1VZCfxyhHeeXgmdc-Zt2-G_F0fRkoB2wX_Q0d9HOpFgfMe8wg_aem_uY14V-JRKc7N-BlJptQ-kw&amp;c=E,1,WzlTtSyMPBATUKtW22TjBRaV0NLsP8hzkjqBAAYk1oLZLaUwdY5QoicQ1RIiWCNSsLxA_yQuX8HSDdIL2rATKtNTIks8-TDJ86H0LsyGI7_HJ_xii8a7Y1DMD4B8&amp;typo=1\" target=\"_blank\" rel=\"noopener\"> Haciendo Caminos Initiative<\/a> and was honored with the university\u2019s <a href=\"https:\/\/linkprotect.cudasvc.com\/url?a=https%3a%2f%2fwww.luc.edu%2fgpasl%2fspecialevents%2fpresidentsmedallion%2f&amp;c=E,1,ACwPJ26Beofptn8r1IVn6HeghZbmH899nJn6ShdiUckFqidqBPjbbvGsXN9KUB919Z8EG3I-NJugJ31tFmBXYFyyNMKoYCcV-fbGkHIC1HPwTPC1qtyb&amp;typo=1\" target=\"_blank\" rel=\"noopener\">President\u2019s Medallion<\/a> for academic excellence, leadership, and service. He has received advanced training in broad-based community organizing through the <a href=\"https:\/\/linkprotect.cudasvc.com\/url?a=https%3a%2f%2fwww.iafpacific.org%2ftraining&amp;c=E,1,TDWG6eQnuuv5k03AqOdttRmh_iTH-9jmOqDobonO7f27IKaXrfD3e-J4hT9aXhfie07YZsylqHtDNKJZTaZpL_JI2SbSTO615fgtDGpDM6mTiBk,&amp;typo=1\" target=\"_blank\" rel=\"noopener\">IAF Pacific<\/a>, and completed the Catholic Social Teaching Certificate Program in 2023. He recently put this formation into action by organizing local tenants to host a <a href=\"https:\/\/linkprotect.cudasvc.com\/url?a=https%3a%2f%2ftigardlife.com%2flocal-news%2fhundreds-at-homeless-forum-pledge-to-tackle-the-issue-in-washington-county%2f&amp;c=E,1,p-ST2bGXLK4bmOwGwcpt99d8hrzUPmhkw7hSitHi4vgqADCy1juw8uf8vTMZxTUHTRvGKNr7fHM--MISJUbGZIkzA_UBd9q4X3lcfwtcqRT4qe0fYasOJc9D&amp;typo=1\" target=\"_blank\" rel=\"noopener\">housing justice forum<\/a> that drew over 230 people, including five key representatives from every level of local government. He also led a delegation to the state capitol for a housing justice advocacy day. He looks forward to bringing these experiences in faith-based community organizing, advocacy, and leadership to his role on the board of El Programa Hispano, supporting its mission to serve and empower Latino communities across Oregon.[\/vc_column_text][\/vc_tta_section][\/vc_tta_accordion][\/vc_column][vc_column offset=\u00bbvc_col-lg-4 vc_col-md-6&#8243;]<div class=\"qodef-shortcode qodef-m  qodef-team qodef-layout--info-below\">\n    <div class=\"qodef-m-inner\">\n        <div class=\"qodef-m-image\">\n    <img loading=\"lazy\" decoding=\"async\" width=\"250\" height=\"250\" src=\"https:\/\/elprograma.org\/wp-content\/uploads\/2023\/05\/photocomingsoonBW-e1685995463534.jpg\" class=\"attachment-full size-full\" alt=\"\" srcset=\"https:\/\/elprograma.org\/wp-content\/uploads\/2023\/05\/photocomingsoonBW-e1685995463534.jpg 250w, https:\/\/elprograma.org\/wp-content\/uploads\/2023\/05\/photocomingsoonBW-e1685995463534-150x150.jpg 150w\" sizes=\"auto, (max-width: 250px) 100vw, 250px\" \/>\t\n\t\t\t<a class=\"qodef-team-link\" href=\"#\" target=\"_self\"><\/a>\n\t<\/div>\n\n        <div class=\"qodef-m-team-info\">\n\t\t\t<div class=\"qodef-m-social-icons-group\">\n    <\/div>        \t<var class=\"qodef-m-position\" >Board Member<\/var>\n    <h3 class=\"qodef-m-name\" >\n    Claudia Ugalde    <\/h3>\n\n    <p class=\"qodef-m-text\" >Standard Insurance Company<\/p>\n\n        <\/div>\n\n    <\/div>\n<\/div>[vc_tta_accordion c_align=\u00bbcenter\u00bb active_section=\u00bb999&#8243; collapsible_all=\u00bbtrue\u00bb css=\u00bb.vc_custom_1762197438768{margin-top: 20px !important;}\u00bb][vc_tta_section title=\u00bbRead More About Claudia\u00bb tab_id=\u00bb1762197009911-69ba710d-892f\u00bb][vc_column_text css=\u00bb\u00bb]Bio coming soon.[\/vc_column_text][\/vc_tta_section][\/vc_tta_accordion][\/vc_column][\/vc_row][vc_row row_content_width=\u00bbgrid\u00bb svg_background=\u00bb%5B%7B%7D%5D\u00bb el_id=\u00bbOur Current Board\u00bb][vc_column offset=\u00bbvc_col-lg-4 vc_col-md-6&#8243; css=\u00bb.vc_custom_1762196899944{padding-bottom: 70px !important;}\u00bb]<div class=\"qodef-shortcode qodef-m  qodef-team qodef-layout--info-below\">\n    <div class=\"qodef-m-inner\">\n        <div class=\"qodef-m-image\">\n    <img loading=\"lazy\" decoding=\"async\" width=\"250\" height=\"250\" src=\"https:\/\/elprograma.org\/wp-content\/uploads\/2023\/05\/Mariana-Orozco2-e1685995432162.jpg\" class=\"attachment-full size-full\" alt=\"\" srcset=\"https:\/\/elprograma.org\/wp-content\/uploads\/2023\/05\/Mariana-Orozco2-e1685995432162.jpg 250w, https:\/\/elprograma.org\/wp-content\/uploads\/2023\/05\/Mariana-Orozco2-e1685995432162-150x150.jpg 150w\" sizes=\"auto, (max-width: 250px) 100vw, 250px\" \/>\t\n\t\t\t<a class=\"qodef-team-link\" href=\"#\" target=\"_self\"><\/a>\n\t<\/div>\n\n        <div class=\"qodef-m-team-info\">\n\t\t\t<div class=\"qodef-m-social-icons-group\">\n    <\/div>        \t<var class=\"qodef-m-position\" >Chair<\/var>\n    <h3 class=\"qodef-m-name\" >\n    Mariana Orozco    <\/h3>\n\n    <p class=\"qodef-m-text\" >Business Director, Global Product Licensing at Nike<\/p>\n\n        <\/div>\n\n    <\/div>\n<\/div>[vc_tta_accordion c_align=\u00bbcenter\u00bb active_section=\u00bb999&#8243; collapsible_all=\u00bbtrue\u00bb css=\u00bb.vc_custom_1762277918373{margin-top: 20px !important;}\u00bb][vc_tta_section title=\u00bbRead More About Mariana\u00bb tab_id=\u00bb1762197009911-69ba710d-892f\u00bb][vc_column_text css=\u00bb\u00bb]Born in M\u00e9rida, Yucat\u00e1n and raised in Guadalajara, Jalisco, Mariana Orozco grew up in a household rooted in strong family values, faith, community support, and resilience. These early influences shaped her deep commitment to helping others and staying connected to her cultural heritage.<\/p>\n<p>Mariana\u2019s professional journey began with determination and grit. After working full-time to support her education, she earned a bachelor&#8217;s degree in international business, this perseverance continues to define her career.<br \/>\nHer professional journey includes almost two decades at Nike, where she now serves as Business Director of Global Product Licensing, helping to shape strategies that drive brand growth and innovation.<\/p>\n<p>As a proud Latina immigrant, Mariana brings empathy, respect, and advocacy to her work. Her personal experience fuels her commitment to supporting immigrant communities and honoring the sacrifices made by those who pursue better opportunities for their families.<br \/>\nMariana is passionate about the work that EPHC does and is honored to serve as Board Chair, contributing to shaping the organization\u2019s strategy and long-term vision.<\/p>\n<p><span style=\"font-weight: 400;\"><a href=\"https:\/\/www.linkedin.com\/in\/mariana-orozco-abb83b132\/\" target=\"_blank\" rel=\"noopener\">Follow Mariana on LinkedIn<\/a>.<\/span>[\/vc_column_text][\/vc_tta_section][\/vc_tta_accordion][\/vc_column][vc_column offset=\u00bbvc_col-lg-4 vc_col-md-6&#8243; css=\u00bb.vc_custom_1762196907384{padding-bottom: 70px !important;}\u00bb]<div class=\"qodef-shortcode qodef-m  qodef-team qodef-layout--info-below\">\n    <div class=\"qodef-m-inner\">\n        <div class=\"qodef-m-image\">\n    <img loading=\"lazy\" decoding=\"async\" width=\"250\" height=\"250\" src=\"https:\/\/elprograma.org\/wp-content\/uploads\/2023\/05\/Zuri-Lopez-e1685995450369.jpg\" class=\"attachment-full size-full\" alt=\"\" srcset=\"https:\/\/elprograma.org\/wp-content\/uploads\/2023\/05\/Zuri-Lopez-e1685995450369.jpg 250w, https:\/\/elprograma.org\/wp-content\/uploads\/2023\/05\/Zuri-Lopez-e1685995450369-150x150.jpg 150w\" sizes=\"auto, (max-width: 250px) 100vw, 250px\" \/>\t\n\t\t\t<a class=\"qodef-team-link\" href=\"#\" target=\"_self\"><\/a>\n\t<\/div>\n\n        <div class=\"qodef-m-team-info\">\n\t\t\t<div class=\"qodef-m-social-icons-group\">\n    <\/div>        \t<var class=\"qodef-m-position\" >Vice-Chair<\/var>\n    <h3 class=\"qodef-m-name\" >\n    Zuri L\u00f3pez    <\/h3>\n\n    <p class=\"qodef-m-text\" >Policy Analyst, Oregon Health Authority<\/p>\n\n        <\/div>\n\n    <\/div>\n<\/div>[vc_tta_accordion c_align=\u00bbcenter\u00bb active_section=\u00bb999&#8243; collapsible_all=\u00bbtrue\u00bb css=\u00bb.vc_custom_1762197438768{margin-top: 20px !important;}\u00bb][vc_tta_section title=\u00bbRead More About Zuri\u00bb tab_id=\u00bb1762197009911-69ba710d-892f\u00bb][vc_column_text css=\u00bb\u00bb]Bio coming soon.[\/vc_column_text][\/vc_tta_section][\/vc_tta_accordion][\/vc_column][vc_column offset=\u00bbvc_col-lg-4 vc_col-md-6&#8243; css=\u00bb.vc_custom_1762196913130{padding-bottom: 70px !important;}\u00bb column_responsive_padding_680=\u00bb0 0 95px\u00bb]<div class=\"qodef-shortcode qodef-m  qodef-team qodef-layout--info-below\">\n    <div class=\"qodef-m-inner\">\n        <div class=\"qodef-m-image\">\n    <img loading=\"lazy\" decoding=\"async\" width=\"250\" height=\"250\" src=\"https:\/\/elprograma.org\/wp-content\/uploads\/2024\/07\/Amaya-Urzaa_Board_250x250.png\" class=\"attachment-full size-full\" alt=\"Amaya Urzaa\" srcset=\"https:\/\/elprograma.org\/wp-content\/uploads\/2024\/07\/Amaya-Urzaa_Board_250x250.png 250w, https:\/\/elprograma.org\/wp-content\/uploads\/2024\/07\/Amaya-Urzaa_Board_250x250-150x150.png 150w\" sizes=\"auto, (max-width: 250px) 100vw, 250px\" \/>\t\n\t\t\t<a class=\"qodef-team-link\" href=\"#\" target=\"_self\"><\/a>\n\t<\/div>\n\n        <div class=\"qodef-m-team-info\">\n\t\t\t<div class=\"qodef-m-social-icons-group\">\n    <\/div>        \t<var class=\"qodef-m-position\" >Treasurer<\/var>\n    <h3 class=\"qodef-m-name\" >\n    Amaya Urzaa    <\/h3>\n\n    <p class=\"qodef-m-text\" >Commercial Relationship Manager, First Interstate Bank<\/p>\n\n        <\/div>\n\n    <\/div>\n<\/div>[vc_tta_accordion c_align=\u00bbcenter\u00bb active_section=\u00bb999&#8243; collapsible_all=\u00bbtrue\u00bb css=\u00bb.vc_custom_1762197438768{margin-top: 20px !important;}\u00bb][vc_tta_section title=\u00bbRead More About Amaya\u00bb tab_id=\u00bb1762277496164-6b08947d-5700&#8243;][vc_column_text css=\u00bb\u00bb]<span style=\"font-weight: 400;\">Amaya\u2019s father was a Spanish-speaking, blue-collar immigrant from the Basque Country of Spain. She grew up hearing him tell stories about fascism and ethnic violence, and how lucky she was to have been born in the United States. Education, he said, was the key to success here. So, she earned a bachelor\u2019s degree in International Studies\u2013Latin American Region from Portland State University, and a master\u2019s degree in Organizational Development from the University of Texas at Dallas. It turns out that Dad was right, because today, Amaya leads First Interstate Bank\u2019s commercial banking team for the Portland Metro area and has been working in banking since 1996. She is thrilled to be using her skills in finance and business planning to help advance the mission of El Programa Hispano as a member of the Board of Directors. <\/span><\/p>\n<p><span style=\"font-weight: 400;\"><a href=\"http:\/\/www.linkedin.com\/in\/amaya\" target=\"_blank\" rel=\"noopener\">Follow Amaya on LinkedIn.<\/a>.<\/span>[\/vc_column_text][\/vc_tta_section][\/vc_tta_accordion][\/vc_column][vc_column offset=\u00bbvc_col-lg-4 vc_col-md-6&#8243;]<div class=\"qodef-shortcode qodef-m  qodef-team qodef-layout--info-below\">\n    <div class=\"qodef-m-inner\">\n        <div class=\"qodef-m-image\">\n    <img loading=\"lazy\" decoding=\"async\" width=\"250\" height=\"250\" src=\"https:\/\/elprograma.org\/wp-content\/uploads\/2024\/07\/Yunuen-Tavares_Board_250x250.png\" class=\"attachment-full size-full\" alt=\"Yunuen Tavares\" srcset=\"https:\/\/elprograma.org\/wp-content\/uploads\/2024\/07\/Yunuen-Tavares_Board_250x250.png 250w, https:\/\/elprograma.org\/wp-content\/uploads\/2024\/07\/Yunuen-Tavares_Board_250x250-150x150.png 150w\" sizes=\"auto, (max-width: 250px) 100vw, 250px\" \/>\t\n\t\t\t<a class=\"qodef-team-link\" href=\"#\" target=\"_self\"><\/a>\n\t<\/div>\n\n        <div class=\"qodef-m-team-info\">\n\t\t\t<div class=\"qodef-m-social-icons-group\">\n    <\/div>        \t<var class=\"qodef-m-position\" >Board Member<\/var>\n    <h3 class=\"qodef-m-name\" >\n    Yunuen Tavares    <\/h3>\n\n    <p class=\"qodef-m-text\" >Loan Officer, Community Lending Works<\/p>\n\n        <\/div>\n\n    <\/div>\n<\/div>[vc_tta_accordion c_align=\u00bbcenter\u00bb active_section=\u00bb999&#8243; collapsible_all=\u00bbtrue\u00bb css=\u00bb.vc_custom_1762197438768{margin-top: 20px !important;}\u00bb][vc_tta_section title=\u00bbRead More About Yunuen\u00bb tab_id=\u00bb1762197009911-69ba710d-892f\u00bb][vc_column_text css=\u00bb\u00bb]Bio coming soon.<\/p>\n<p><span style=\"font-weight: 400;\"><a href=\"https:\/\/www.linkedin.com\/in\/ytavares1981\/\" target=\"_blank\" rel=\"noopener\">Follow Yunuen on LinkedIn<\/a>.<\/span>[\/vc_column_text][\/vc_tta_section][\/vc_tta_accordion][\/vc_column][vc_column offset=\u00bbvc_col-lg-4 vc_col-md-6&#8243;]<div class=\"qodef-shortcode qodef-m  qodef-team qodef-layout--info-below\">\n    <div class=\"qodef-m-inner\">\n        <div class=\"qodef-m-image\">\n    <img loading=\"lazy\" decoding=\"async\" width=\"250\" height=\"250\" src=\"https:\/\/elprograma.org\/wp-content\/uploads\/2025\/11\/Camerina-Galvan_2025_2.jpeg\" class=\"attachment-full size-full\" alt=\"\" srcset=\"https:\/\/elprograma.org\/wp-content\/uploads\/2025\/11\/Camerina-Galvan_2025_2.jpeg 250w, https:\/\/elprograma.org\/wp-content\/uploads\/2025\/11\/Camerina-Galvan_2025_2-150x150.jpeg 150w\" sizes=\"auto, (max-width: 250px) 100vw, 250px\" \/>\t\n\t\t\t<a class=\"qodef-team-link\" href=\"#\" target=\"_self\"><\/a>\n\t<\/div>\n\n        <div class=\"qodef-m-team-info\">\n\t\t\t<div class=\"qodef-m-social-icons-group\">\n    <\/div>        \t<var class=\"qodef-m-position\" >Board Member<\/var>\n    <h3 class=\"qodef-m-name\" >\n    Camerina Galv\u00e1n, MA    <\/h3>\n\n    <p class=\"qodef-m-text\" >Entrepreneur<\/p>\n\n        <\/div>\n\n    <\/div>\n<\/div>[vc_tta_accordion c_align=\u00bbcenter\u00bb active_section=\u00bb999&#8243; collapsible_all=\u00bbtrue\u00bb css=\u00bb.vc_custom_1762197438768{margin-top: 20px !important;}\u00bb][vc_tta_section title=\u00bbRead More About Camerina\u00bb tab_id=\u00bb1762197009911-69ba710d-892f\u00bb][vc_column_text css=\u00bb\u00bb]<span style=\"font-weight: 400;\">Camerina (she, her) is the daughter of Mexican immigrant parents from Jalisco, Mexico. She grew up in Oregon and Mexico. She remembers learning from an early age that EPHC is a place where people go when they need help. She is a first-generation college graduate with a bachelor&#8217;s degree in Hispanic Studies from Lewis &amp; Clark College and a master&#8217;s degree in Human Development and Family Services from the University of Missouri. After years of working in the nonprofit sector and public education, she pivoted to entrepreneurship. Through Galvan Consulting, she takes administrative and operations from chaos to peace of mind.\u00a0<\/span><\/p>\n<p><span style=\"font-weight: 400;\"><a href=\"https:\/\/www.linkedin.com\/in\/camegalvan\" target=\"_blank\" rel=\"noopener\">Follow Camerina on LinkedIn<\/a>.<\/span>[\/vc_column_text][\/vc_tta_section][\/vc_tta_accordion][\/vc_column][vc_column offset=\u00bbvc_col-lg-4 vc_col-md-6&#8243;]<div class=\"qodef-shortcode qodef-m  qodef-team qodef-layout--info-below\">\n    <div class=\"qodef-m-inner\">\n        <div class=\"qodef-m-image\">\n    <img loading=\"lazy\" decoding=\"async\" width=\"250\" height=\"250\" src=\"https:\/\/elprograma.org\/wp-content\/uploads\/2024\/07\/Kimberly-Quiroz_Board_250x250.png\" class=\"attachment-full size-full\" alt=\"Kimberly Quiroz\" srcset=\"https:\/\/elprograma.org\/wp-content\/uploads\/2024\/07\/Kimberly-Quiroz_Board_250x250.png 250w, https:\/\/elprograma.org\/wp-content\/uploads\/2024\/07\/Kimberly-Quiroz_Board_250x250-150x150.png 150w\" sizes=\"auto, (max-width: 250px) 100vw, 250px\" \/>\t\n\t\t\t<a class=\"qodef-team-link\" href=\"#\" target=\"_self\"><\/a>\n\t<\/div>\n\n        <div class=\"qodef-m-team-info\">\n\t\t\t<div class=\"qodef-m-social-icons-group\">\n    <\/div>        \t<var class=\"qodef-m-position\" >Board Member<\/var>\n    <h3 class=\"qodef-m-name\" >\n    Kimberly Quiroz    <\/h3>\n\n    <p class=\"qodef-m-text\" >Senior Business Developer, Hispanic Metropolitan Chamber<\/p>\n\n        <\/div>\n\n    <\/div>\n<\/div>[vc_tta_accordion c_align=\u00bbcenter\u00bb active_section=\u00bb999&#8243; collapsible_all=\u00bbtrue\u00bb css=\u00bb.vc_custom_1762197438768{margin-top: 20px !important;}\u00bb][vc_tta_section title=\u00bbRead More About Kimberly\u00bb tab_id=\u00bb1762197009911-69ba710d-892f\u00bb][vc_column_text css=\u00bb\u00bb]Kimberly Quiroz is the proud daughter of immigrant parents and a longtime resident of Oregon. As a DACA recipient, she understands firsthand the barriers faced by immigrant families\u2014barriers that have fueled her commitment to building inclusive economic opportunities. Kimberly currently serves as a Senior Business Developer for the Hispanic Metropolitan Chamber, where she supports entrepreneurs in Vancouver, Washington. She works with startups across various sectors and helps expanding businesses navigate new geographic markets, ensuring they are properly licensed at the federal, state, and local levels. Her work ensures business owners have access to the tools and resources they need to succeed.<br \/>\nRaised in a family-owned construction business, Kimberly\u2019s passion for advocacy and economic mobility is rooted in lived experience. She proudly serves as a Board of Director for El Programa Hispano because she believes deeply in the organization\u2019s mission to advance racial equity and self-determination in the Latino community.<\/p>\n<p><span style=\"font-weight: 400;\"><a href=\"https:\/\/www.linkedin.com\/in\/kimberly-quiroz\/\" target=\"_blank\" rel=\"noopener\">Follow Kimberly on LinkedIn<\/a>.<\/span>[\/vc_column_text][\/vc_tta_section][\/vc_tta_accordion][\/vc_column][vc_column offset=\u00bbvc_col-lg-4 vc_col-md-6&#8243;]<div class=\"qodef-shortcode qodef-m  qodef-team qodef-layout--info-below\">\n    <div class=\"qodef-m-inner\">\n        <div class=\"qodef-m-image\">\n    <img loading=\"lazy\" decoding=\"async\" width=\"250\" height=\"250\" src=\"https:\/\/elprograma.org\/wp-content\/uploads\/2023\/05\/photocomingsoonBW-e1685995463534.jpg\" class=\"attachment-full size-full\" alt=\"\" srcset=\"https:\/\/elprograma.org\/wp-content\/uploads\/2023\/05\/photocomingsoonBW-e1685995463534.jpg 250w, https:\/\/elprograma.org\/wp-content\/uploads\/2023\/05\/photocomingsoonBW-e1685995463534-150x150.jpg 150w\" sizes=\"auto, (max-width: 250px) 100vw, 250px\" \/>\t\n\t\t\t<a class=\"qodef-team-link\" href=\"#\" target=\"_self\"><\/a>\n\t<\/div>\n\n        <div class=\"qodef-m-team-info\">\n\t\t\t<div class=\"qodef-m-social-icons-group\">\n    <\/div>        \t<var class=\"qodef-m-position\" >Board Member<\/var>\n    <h3 class=\"qodef-m-name\" >\n    Sister Veronica Schueler, FSE    <\/h3>\n\n    <p class=\"qodef-m-text\" >Chancellor, Archdiocese of Portland Oregon<\/p>\n\n        <\/div>\n\n    <\/div>\n<\/div>[vc_tta_accordion c_align=\u00bbcenter\u00bb active_section=\u00bb999&#8243; collapsible_all=\u00bbtrue\u00bb css=\u00bb.vc_custom_1762197438768{margin-top: 20px !important;}\u00bb][vc_tta_section title=\u00bbRead More About Sister Veronica\u00bb tab_id=\u00bb1762197009911-69ba710d-892f\u00bb][vc_column_text css=\u00bb\u00bb]Bio coming soon.[\/vc_column_text][\/vc_tta_section][\/vc_tta_accordion][\/vc_column][vc_column offset=\u00bbvc_col-lg-4 vc_col-md-6&#8243;]<div class=\"qodef-shortcode qodef-m  qodef-team qodef-layout--info-below\">\n    <div class=\"qodef-m-inner\">\n        <div class=\"qodef-m-image\">\n    <img loading=\"lazy\" decoding=\"async\" width=\"250\" height=\"250\" src=\"https:\/\/elprograma.org\/wp-content\/uploads\/2023\/05\/photocomingsoonBW-e1685995463534.jpg\" class=\"attachment-full size-full\" alt=\"\" srcset=\"https:\/\/elprograma.org\/wp-content\/uploads\/2023\/05\/photocomingsoonBW-e1685995463534.jpg 250w, https:\/\/elprograma.org\/wp-content\/uploads\/2023\/05\/photocomingsoonBW-e1685995463534-150x150.jpg 150w\" sizes=\"auto, (max-width: 250px) 100vw, 250px\" \/>\t\n\t\t\t<a class=\"qodef-team-link\" href=\"#\" target=\"_self\"><\/a>\n\t<\/div>\n\n        <div class=\"qodef-m-team-info\">\n\t\t\t<div class=\"qodef-m-social-icons-group\">\n    <\/div>        \t<var class=\"qodef-m-position\" >Board Member<\/var>\n    <h3 class=\"qodef-m-name\" >\n    Kaleen Deatherage    <\/h3>\n\n    <p class=\"qodef-m-text\" >Executive Director, Catholic Charities of Oregon<\/p>\n\n        <\/div>\n\n    <\/div>\n<\/div>[vc_tta_accordion c_align=\u00bbcenter\u00bb active_section=\u00bb999&#8243; collapsible_all=\u00bbtrue\u00bb css=\u00bb.vc_custom_1762197438768{margin-top: 20px !important;}\u00bb][vc_tta_section title=\u00bbRead More About Kaleen\u00bb tab_id=\u00bb1762197009911-69ba710d-892f\u00bb][vc_column_text css=\u00bb\u00bb]Bio coming soon.[\/vc_column_text][\/vc_tta_section][\/vc_tta_accordion][\/vc_column][vc_column offset=\u00bbvc_col-lg-4 vc_col-md-6&#8243;]<div class=\"qodef-shortcode qodef-m  qodef-team qodef-layout--info-below\">\n    <div class=\"qodef-m-inner\">\n        <div class=\"qodef-m-image\">\n    <img loading=\"lazy\" decoding=\"async\" width=\"250\" height=\"250\" src=\"https:\/\/elprograma.org\/wp-content\/uploads\/2025\/11\/Danny-Rauda.jpg\" class=\"attachment-full size-full\" alt=\"\" srcset=\"https:\/\/elprograma.org\/wp-content\/uploads\/2025\/11\/Danny-Rauda.jpg 250w, https:\/\/elprograma.org\/wp-content\/uploads\/2025\/11\/Danny-Rauda-150x150.jpg 150w\" sizes=\"auto, (max-width: 250px) 100vw, 250px\" \/>\t\n\t\t\t<a class=\"qodef-team-link\" href=\"#\" target=\"_self\"><\/a>\n\t<\/div>\n\n        <div class=\"qodef-m-team-info\">\n\t\t\t<div class=\"qodef-m-social-icons-group\">\n    <\/div>        \t<var class=\"qodef-m-position\" >Board Member<\/var>\n    <h3 class=\"qodef-m-name\" >\n    Danny Rauda    <\/h3>\n\n    <p class=\"qodef-m-text\" >St. Anthony Catholic Church<\/p>\n\n        <\/div>\n\n    <\/div>\n<\/div>[vc_tta_accordion c_align=\u00bbcenter\u00bb active_section=\u00bb999&#8243; collapsible_all=\u00bbtrue\u00bb css=\u00bb.vc_custom_1762197438768{margin-top: 20px !important;}\u00bb][vc_tta_section title=\u00bbRead More About Danny\u00bb tab_id=\u00bb1762197009911-69ba710d-892f\u00bb][vc_column_text css=\u00bb\u00bb]Danny Rauda\u2019s primary vocation is as a husband and father to two young children. Yet the identity that has most shaped the trajectory of his life is being the son of Salvadoran immigrants. As the first U.S.-born member of his family, he feels called to use his gifts to foster unity in diversity and advance social justice with the poor, marginalized, and oppressed\u2014especially migrants. This mission led him to St. Anthony Catholic Church in the Archdiocese of Portland in Oregon, where he has served as Coordinator of the Social Justice Ministry for the past five years. He recently earned a Master of Pastoral Studies from Loyola University Chicago, where he was among the first fellows of the<a href=\"https:\/\/linkprotect.cudasvc.com\/url?a=https%3a%2f%2fhaciendocaminos.nd.edu%2f%3ffbclid%3dIwY2xjawKlef9leHRuA2FlbQIxMABicmlkETFXU2VTRXA1aUVZNFVjbDFSAR5zCNr88dpBn1VZCfxyhHeeXgmdc-Zt2-G_F0fRkoB2wX_Q0d9HOpFgfMe8wg_aem_uY14V-JRKc7N-BlJptQ-kw&amp;c=E,1,WzlTtSyMPBATUKtW22TjBRaV0NLsP8hzkjqBAAYk1oLZLaUwdY5QoicQ1RIiWCNSsLxA_yQuX8HSDdIL2rATKtNTIks8-TDJ86H0LsyGI7_HJ_xii8a7Y1DMD4B8&amp;typo=1\" target=\"_blank\" rel=\"noopener\"> Haciendo Caminos Initiative<\/a> and was honored with the university\u2019s <a href=\"https:\/\/linkprotect.cudasvc.com\/url?a=https%3a%2f%2fwww.luc.edu%2fgpasl%2fspecialevents%2fpresidentsmedallion%2f&amp;c=E,1,ACwPJ26Beofptn8r1IVn6HeghZbmH899nJn6ShdiUckFqidqBPjbbvGsXN9KUB919Z8EG3I-NJugJ31tFmBXYFyyNMKoYCcV-fbGkHIC1HPwTPC1qtyb&amp;typo=1\" target=\"_blank\" rel=\"noopener\">President\u2019s Medallion<\/a> for academic excellence, leadership, and service. He has received advanced training in broad-based community organizing through the <a href=\"https:\/\/linkprotect.cudasvc.com\/url?a=https%3a%2f%2fwww.iafpacific.org%2ftraining&amp;c=E,1,TDWG6eQnuuv5k03AqOdttRmh_iTH-9jmOqDobonO7f27IKaXrfD3e-J4hT9aXhfie07YZsylqHtDNKJZTaZpL_JI2SbSTO615fgtDGpDM6mTiBk,&amp;typo=1\" target=\"_blank\" rel=\"noopener\">IAF Pacific<\/a>, and completed the Catholic Social Teaching Certificate Program in 2023. He recently put this formation into action by organizing local tenants to host a <a href=\"https:\/\/linkprotect.cudasvc.com\/url?a=https%3a%2f%2ftigardlife.com%2flocal-news%2fhundreds-at-homeless-forum-pledge-to-tackle-the-issue-in-washington-county%2f&amp;c=E,1,p-ST2bGXLK4bmOwGwcpt99d8hrzUPmhkw7hSitHi4vgqADCy1juw8uf8vTMZxTUHTRvGKNr7fHM--MISJUbGZIkzA_UBd9q4X3lcfwtcqRT4qe0fYasOJc9D&amp;typo=1\" target=\"_blank\" rel=\"noopener\">housing justice forum<\/a> that drew over 230 people, including five key representatives from every level of local government. He also led a delegation to the state capitol for a housing justice advocacy day. He looks forward to bringing these experiences in faith-based community organizing, advocacy, and leadership to his role on the board of El Programa Hispano, supporting its mission to serve and empower Latino communities across Oregon.[\/vc_column_text][\/vc_tta_section][\/vc_tta_accordion][\/vc_column][vc_column offset=\u00bbvc_col-lg-4 vc_col-md-6&#8243;]<div class=\"qodef-shortcode qodef-m  qodef-team qodef-layout--info-below\">\n    <div class=\"qodef-m-inner\">\n        <div class=\"qodef-m-image\">\n    <img loading=\"lazy\" decoding=\"async\" width=\"250\" height=\"250\" src=\"https:\/\/elprograma.org\/wp-content\/uploads\/2023\/05\/photocomingsoonBW-e1685995463534.jpg\" class=\"attachment-full size-full\" alt=\"\" srcset=\"https:\/\/elprograma.org\/wp-content\/uploads\/2023\/05\/photocomingsoonBW-e1685995463534.jpg 250w, https:\/\/elprograma.org\/wp-content\/uploads\/2023\/05\/photocomingsoonBW-e1685995463534-150x150.jpg 150w\" sizes=\"auto, (max-width: 250px) 100vw, 250px\" \/>\t\n\t\t\t<a class=\"qodef-team-link\" href=\"#\" target=\"_self\"><\/a>\n\t<\/div>\n\n        <div class=\"qodef-m-team-info\">\n\t\t\t<div class=\"qodef-m-social-icons-group\">\n    <\/div>        \t<var class=\"qodef-m-position\" >Board Member<\/var>\n    <h3 class=\"qodef-m-name\" >\n    Claudia Ugalde    <\/h3>\n\n    <p class=\"qodef-m-text\" >Standard Insurance Company<\/p>\n\n        <\/div>\n\n    <\/div>\n<\/div>[vc_tta_accordion c_align=\u00bbcenter\u00bb active_section=\u00bb999&#8243; collapsible_all=\u00bbtrue\u00bb css=\u00bb.vc_custom_1762197438768{margin-top: 20px !important;}\u00bb][vc_tta_section title=\u00bbRead More About Claudia\u00bb tab_id=\u00bb1762197009911-69ba710d-892f\u00bb][vc_column_text css=\u00bb\u00bb]Bio coming soon.[\/vc_column_text][\/vc_tta_section][\/vc_tta_accordion][\/vc_column][\/vc_row]<\/p>\n<\/div>","protected":false},"excerpt":{"rendered":"<p>[vc_row row_content_width=\u00bbgrid\u00bb content_text_alignment=\u00bbcenter\u00bb svg_background=\u00bb%5B%7B%7D%5D\u00bb css=\u00bb.vc_custom_1696434433520{margin-top: 0px !important;margin-bottom: 0px !important;padding-top: 0px !important;padding-bottom: 50px !important;}\u00bb el_id=\u00bbBoard title\u00bb][vc_column css=\u00bb.vc_custom_1686075211347{padding-top: 0px !important;padding-right: 20% !important;padding-bottom: 3px !important;padding-left: 20% !important;}\u00bb column_responsive_padding_680=\u00bb0px 6% 0px\u00bb column_responsive_padding_1024=\u00bb0 10% 25px\u00bb column_responsive_padding_768=\u00bb0 10% 5px\u00bb][\/vc_column][\/vc_row][vc_row row_content_width=\u00bbgrid\u00bb svg_background=\u00bb%5B%7B%7D%5D\u00bb el_id=\u00bbOur Current Board\u00bb][vc_column offset=\u00bbvc_col-lg-4 vc_col-md-6&#8243; css=\u00bb.vc_custom_1762196899944{padding-bottom: 70px !important;}\u00bb][vc_tta_accordion c_align=\u00bbcenter\u00bb active_section=\u00bb999&#8243; collapsible_all=\u00bbtrue\u00bb css=\u00bb.vc_custom_1762277918373{margin-top: 20px !important;}\u00bb][vc_tta_section title=\u00bbConoce M\u00e1s Acerca de Mariana\u00bb tab_id=\u00bb1762197009911-69ba710d-892f\u00bb][vc_column_text css=\u00bb\u00bb]Nacida en M\u00e9rida, Yucat\u00e1n y criada en Guadalajara, Jalisco, Mariana Orozco creci\u00f3 en un hogar arraigado en s\u00f3lidos valores familiares, fe, apoyo comunitario y resiliencia. Estas influencias tempranas forjaron su profundo compromiso de ayudar a los dem\u00e1s y mantenerse conectada con su herencia cultural. La trayectoria profesional de Mariana comenz\u00f3 con determinaci\u00f3n y coraje. Tras trabajar a tiempo completo para costear sus estudios, obtuvo la licenciatura en Negocios Internacionales; esa misma perseverancia sigue definiendo su carrera hoy en d\u00eda. Su experiencia profesional incluye casi dos d\u00e9cadas en Nike, donde actualmente se desempe\u00f1a como Directora de Negocios de Licencias Globales de Productos, ayudando a definir las estrategias que impulsan el crecimiento y la innovaci\u00f3n de la marca. Como orgullosa inmigrante latina, Mariana aporta empat\u00eda, respeto y una labor de defensa a su trabajo. Su experiencia personal alimenta su compromiso de apoyar a las comunidades de inmigrantes y honrar los sacrificios realizados por quienes buscan mejores oportunidades para sus familias. A Mariana le apasiona la labor que realiza EPHC y se siente honrada de fungir como Presidenta de la Junta Directiva, contribuyendo a dar forma a la estrategia y la visi\u00f3n a largo plazo de la organizaci\u00f3n. Sigue a Mariana en LinkedIn[\/vc_column_text][\/vc_tta_section][\/vc_tta_accordion][\/vc_column][vc_column offset=\u00bbvc_col-lg-4 vc_col-md-6&#8243; css=\u00bb.vc_custom_1762196907384{padding-bottom: 70px !important;}\u00bb][vc_tta_accordion c_align=\u00bbcenter\u00bb active_section=\u00bb999&#8243; collapsible_all=\u00bbtrue\u00bb css=\u00bb.vc_custom_1762197438768{margin-top: 20px !important;}\u00bb][vc_tta_section title=\u00bbConoce M\u00e1s Acerca de Zuri\u00bb tab_id=\u00bb1762197009911-69ba710d-892f\u00bb][vc_column_text css=\u00bb\u00bb]Biograf\u00eda disponible pr\u00f3ximamente.[\/vc_column_text][\/vc_tta_section][\/vc_tta_accordion][\/vc_column][vc_column offset=\u00bbvc_col-lg-4 vc_col-md-6&#8243; css=\u00bb.vc_custom_1762196913130{padding-bottom: 70px !important;}\u00bb column_responsive_padding_680=\u00bb0 0 95px\u00bb][vc_tta_accordion c_align=\u00bbcenter\u00bb active_section=\u00bb999&#8243; collapsible_all=\u00bbtrue\u00bb css=\u00bb.vc_custom_1762197438768{margin-top: 20px !important;}\u00bb][vc_tta_section title=\u00bbConoce M\u00e1s Acerca de Amaya\u00bb tab_id=\u00bb1762277496164-6b08947d-5700&#8243;][vc_column_text css=\u00bb\u00bb]El padre de Amaya era un inmigrante de clase trabajadora, de habla hispana y originario del Pa\u00eds Vasco, Espa\u00f1a. Ella creci\u00f3 escuch\u00e1ndolo relatar historias sobre el fascismo y la violencia \u00e9tnica, y sobre lo afortunada que era por haber nacido en los Estados Unidos. La educaci\u00f3n, dec\u00eda \u00e9l, era la clave del \u00e9xito en este pa\u00eds. Siguiendo ese consejo, Amaya obtuvo una licenciatura en Estudios Internacionales con especialidad en Am\u00e9rica Latina por la Universidad Estatal de Portland (PSU), y una maestr\u00eda en Desarrollo Organizacional por la Universidad de Texas en Dallas. Resulta que su padre ten\u00eda raz\u00f3n: hoy en d\u00eda, Amaya lidera el equipo de [&hellip;]<\/p>\n","protected":false},"author":3,"featured_media":0,"parent":8001,"menu_order":0,"comment_status":"closed","ping_status":"closed","template":"page-full-width.php","meta":{"_monsterinsights_skip_tracking":false,"_monsterinsights_sitenote_active":false,"_monsterinsights_sitenote_note":"","_monsterinsights_sitenote_category":0,"footnotes":""},"class_list":["post-10729","page","type-page","status-publish","hentry"],"yoast_head":"<!-- This site is optimized with the Yoast SEO plugin v27.5 - https:\/\/yoast.com\/product\/yoast-seo-wordpress\/ -->\n<title>Mesa Directiva - El Programa Hispano Cat\u00f3lico<\/title>\n<meta name=\"robots\" content=\"index, follow, max-snippet:-1, max-image-preview:large, max-video-preview:-1\" \/>\n<link rel=\"canonical\" href=\"https:\/\/elprograma.org\/es\/who-we-are\/mesa-directiva\/\" \/>\n<meta property=\"og:locale\" content=\"es_ES\" \/>\n<meta property=\"og:type\" content=\"article\" \/>\n<meta property=\"og:title\" content=\"Mesa Directiva - El Programa Hispano Cat\u00f3lico\" \/>\n<meta property=\"og:description\" content=\"[vc_row row_content_width=\u00bbgrid\u00bb content_text_alignment=\u00bbcenter\u00bb svg_background=\u00bb%5B%7B%7D%5D\u00bb css=\u00bb.vc_custom_1696434433520{margin-top: 0px !important;margin-bottom: 0px !important;padding-top: 0px !important;padding-bottom: 50px !important;}\u00bb el_id=\u00bbBoard title\u00bb][vc_column css=\u00bb.vc_custom_1686075211347{padding-top: 0px !important;padding-right: 20% !important;padding-bottom: 3px !important;padding-left: 20% !important;}\u00bb column_responsive_padding_680=\u00bb0px 6% 0px\u00bb column_responsive_padding_1024=\u00bb0 10% 25px\u00bb column_responsive_padding_768=\u00bb0 10% 5px\u00bb][\/vc_column][\/vc_row][vc_row row_content_width=\u00bbgrid\u00bb svg_background=\u00bb%5B%7B%7D%5D\u00bb el_id=\u00bbOur Current Board\u00bb][vc_column offset=\u00bbvc_col-lg-4 vc_col-md-6&#8243; css=\u00bb.vc_custom_1762196899944{padding-bottom: 70px !important;}\u00bb][vc_tta_accordion c_align=\u00bbcenter\u00bb active_section=\u00bb999&#8243; collapsible_all=\u00bbtrue\u00bb css=\u00bb.vc_custom_1762277918373{margin-top: 20px !important;}\u00bb][vc_tta_section title=\u00bbConoce M\u00e1s Acerca de Mariana\u00bb tab_id=\u00bb1762197009911-69ba710d-892f\u00bb][vc_column_text css=\u00bb\u00bb]Nacida en M\u00e9rida, Yucat\u00e1n y criada en Guadalajara, Jalisco, Mariana Orozco creci\u00f3 en un hogar arraigado en s\u00f3lidos valores familiares, fe, apoyo comunitario y resiliencia. Estas influencias tempranas forjaron su profundo compromiso de ayudar a los dem\u00e1s y mantenerse conectada con su herencia cultural. La trayectoria profesional de Mariana comenz\u00f3 con determinaci\u00f3n y coraje. Tras trabajar a tiempo completo para costear sus estudios, obtuvo la licenciatura en Negocios Internacionales; esa misma perseverancia sigue definiendo su carrera hoy en d\u00eda. Su experiencia profesional incluye casi dos d\u00e9cadas en Nike, donde actualmente se desempe\u00f1a como Directora de Negocios de Licencias Globales de Productos, ayudando a definir las estrategias que impulsan el crecimiento y la innovaci\u00f3n de la marca. Como orgullosa inmigrante latina, Mariana aporta empat\u00eda, respeto y una labor de defensa a su trabajo. Su experiencia personal alimenta su compromiso de apoyar a las comunidades de inmigrantes y honrar los sacrificios realizados por quienes buscan mejores oportunidades para sus familias. A Mariana le apasiona la labor que realiza EPHC y se siente honrada de fungir como Presidenta de la Junta Directiva, contribuyendo a dar forma a la estrategia y la visi\u00f3n a largo plazo de la organizaci\u00f3n. Sigue a Mariana en LinkedIn[\/vc_column_text][\/vc_tta_section][\/vc_tta_accordion][\/vc_column][vc_column offset=\u00bbvc_col-lg-4 vc_col-md-6&#8243; css=\u00bb.vc_custom_1762196907384{padding-bottom: 70px !important;}\u00bb][vc_tta_accordion c_align=\u00bbcenter\u00bb active_section=\u00bb999&#8243; collapsible_all=\u00bbtrue\u00bb css=\u00bb.vc_custom_1762197438768{margin-top: 20px !important;}\u00bb][vc_tta_section title=\u00bbConoce M\u00e1s Acerca de Zuri\u00bb tab_id=\u00bb1762197009911-69ba710d-892f\u00bb][vc_column_text css=\u00bb\u00bb]Biograf\u00eda disponible pr\u00f3ximamente.[\/vc_column_text][\/vc_tta_section][\/vc_tta_accordion][\/vc_column][vc_column offset=\u00bbvc_col-lg-4 vc_col-md-6&#8243; css=\u00bb.vc_custom_1762196913130{padding-bottom: 70px !important;}\u00bb column_responsive_padding_680=\u00bb0 0 95px\u00bb][vc_tta_accordion c_align=\u00bbcenter\u00bb active_section=\u00bb999&#8243; collapsible_all=\u00bbtrue\u00bb css=\u00bb.vc_custom_1762197438768{margin-top: 20px !important;}\u00bb][vc_tta_section title=\u00bbConoce M\u00e1s Acerca de Amaya\u00bb tab_id=\u00bb1762277496164-6b08947d-5700&#8243;][vc_column_text css=\u00bb\u00bb]El padre de Amaya era un inmigrante de clase trabajadora, de habla hispana y originario del Pa\u00eds Vasco, Espa\u00f1a. Ella creci\u00f3 escuch\u00e1ndolo relatar historias sobre el fascismo y la violencia \u00e9tnica, y sobre lo afortunada que era por haber nacido en los Estados Unidos. La educaci\u00f3n, dec\u00eda \u00e9l, era la clave del \u00e9xito en este pa\u00eds. Siguiendo ese consejo, Amaya obtuvo una licenciatura en Estudios Internacionales con especialidad en Am\u00e9rica Latina por la Universidad Estatal de Portland (PSU), y una maestr\u00eda en Desarrollo Organizacional por la Universidad de Texas en Dallas. Resulta que su padre ten\u00eda raz\u00f3n: hoy en d\u00eda, Amaya lidera el equipo de [&hellip;]\" \/>\n<meta property=\"og:url\" content=\"https:\/\/elprograma.org\/es\/who-we-are\/mesa-directiva\/\" \/>\n<meta property=\"og:site_name\" content=\"El Programa Hispano Cat\u00f3lico\" \/>\n<meta property=\"article:publisher\" content=\"https:\/\/www.facebook.com\/elprogramahispano\" \/>\n<meta property=\"article:modified_time\" content=\"2026-03-04T22:33:17+00:00\" \/>\n<meta name=\"twitter:card\" content=\"summary_large_image\" \/>\n<meta name=\"twitter:label1\" content=\"Tiempo de lectura\" \/>\n\t<meta name=\"twitter:data1\" content=\"26 minutos\" \/>\n<script type=\"application\/ld+json\" class=\"yoast-schema-graph\">{\"@context\":\"https:\\\/\\\/schema.org\",\"@graph\":[{\"@type\":\"WebPage\",\"@id\":\"https:\\\/\\\/elprograma.org\\\/es\\\/who-we-are\\\/mesa-directiva\\\/\",\"url\":\"https:\\\/\\\/elprograma.org\\\/es\\\/who-we-are\\\/mesa-directiva\\\/\",\"name\":\"Mesa Directiva - El Programa Hispano Cat\u00f3lico\",\"isPartOf\":{\"@id\":\"https:\\\/\\\/elprograma.org\\\/es\\\/#website\"},\"datePublished\":\"2025-11-03T19:17:32+00:00\",\"dateModified\":\"2026-03-04T22:33:17+00:00\",\"breadcrumb\":{\"@id\":\"https:\\\/\\\/elprograma.org\\\/es\\\/who-we-are\\\/mesa-directiva\\\/#breadcrumb\"},\"inLanguage\":\"es\",\"potentialAction\":[{\"@type\":\"ReadAction\",\"target\":[\"https:\\\/\\\/elprograma.org\\\/es\\\/who-we-are\\\/mesa-directiva\\\/\"]}]},{\"@type\":\"BreadcrumbList\",\"@id\":\"https:\\\/\\\/elprograma.org\\\/es\\\/who-we-are\\\/mesa-directiva\\\/#breadcrumb\",\"itemListElement\":[{\"@type\":\"ListItem\",\"position\":1,\"name\":\"Who We Are\",\"item\":\"https:\\\/\\\/elprograma.org\\\/es\\\/who-we-are\\\/\"},{\"@type\":\"ListItem\",\"position\":2,\"name\":\"Mesa Directiva\"}]},{\"@type\":\"WebSite\",\"@id\":\"https:\\\/\\\/elprograma.org\\\/es\\\/#website\",\"url\":\"https:\\\/\\\/elprograma.org\\\/es\\\/\",\"name\":\"El Programa Hispano Cat\u00f3lico\",\"description\":\"El Programa Hispano is a social service nonprofit that serves the entire lifespan to address the social determinants of health.\",\"alternateName\":\"EPHC\",\"potentialAction\":[{\"@type\":\"SearchAction\",\"target\":{\"@type\":\"EntryPoint\",\"urlTemplate\":\"https:\\\/\\\/elprograma.org\\\/es\\\/?s={search_term_string}\"},\"query-input\":{\"@type\":\"PropertyValueSpecification\",\"valueRequired\":true,\"valueName\":\"search_term_string\"}}],\"inLanguage\":\"es\"}]}<\/script>\n<!-- \/ Yoast SEO plugin. -->","yoast_head_json":{"title":"Mesa Directiva - El Programa Hispano Cat\u00f3lico","robots":{"index":"index","follow":"follow","max-snippet":"max-snippet:-1","max-image-preview":"max-image-preview:large","max-video-preview":"max-video-preview:-1"},"canonical":"https:\/\/elprograma.org\/es\/who-we-are\/mesa-directiva\/","og_locale":"es_ES","og_type":"article","og_title":"Mesa Directiva - El Programa Hispano Cat\u00f3lico","og_description":"[vc_row row_content_width=\u00bbgrid\u00bb content_text_alignment=\u00bbcenter\u00bb svg_background=\u00bb%5B%7B%7D%5D\u00bb css=\u00bb.vc_custom_1696434433520{margin-top: 0px !important;margin-bottom: 0px !important;padding-top: 0px !important;padding-bottom: 50px !important;}\u00bb el_id=\u00bbBoard title\u00bb][vc_column css=\u00bb.vc_custom_1686075211347{padding-top: 0px !important;padding-right: 20% !important;padding-bottom: 3px !important;padding-left: 20% !important;}\u00bb column_responsive_padding_680=\u00bb0px 6% 0px\u00bb column_responsive_padding_1024=\u00bb0 10% 25px\u00bb column_responsive_padding_768=\u00bb0 10% 5px\u00bb][\/vc_column][\/vc_row][vc_row row_content_width=\u00bbgrid\u00bb svg_background=\u00bb%5B%7B%7D%5D\u00bb el_id=\u00bbOur Current Board\u00bb][vc_column offset=\u00bbvc_col-lg-4 vc_col-md-6&#8243; css=\u00bb.vc_custom_1762196899944{padding-bottom: 70px !important;}\u00bb][vc_tta_accordion c_align=\u00bbcenter\u00bb active_section=\u00bb999&#8243; collapsible_all=\u00bbtrue\u00bb css=\u00bb.vc_custom_1762277918373{margin-top: 20px !important;}\u00bb][vc_tta_section title=\u00bbConoce M\u00e1s Acerca de Mariana\u00bb tab_id=\u00bb1762197009911-69ba710d-892f\u00bb][vc_column_text css=\u00bb\u00bb]Nacida en M\u00e9rida, Yucat\u00e1n y criada en Guadalajara, Jalisco, Mariana Orozco creci\u00f3 en un hogar arraigado en s\u00f3lidos valores familiares, fe, apoyo comunitario y resiliencia. Estas influencias tempranas forjaron su profundo compromiso de ayudar a los dem\u00e1s y mantenerse conectada con su herencia cultural. La trayectoria profesional de Mariana comenz\u00f3 con determinaci\u00f3n y coraje. Tras trabajar a tiempo completo para costear sus estudios, obtuvo la licenciatura en Negocios Internacionales; esa misma perseverancia sigue definiendo su carrera hoy en d\u00eda. Su experiencia profesional incluye casi dos d\u00e9cadas en Nike, donde actualmente se desempe\u00f1a como Directora de Negocios de Licencias Globales de Productos, ayudando a definir las estrategias que impulsan el crecimiento y la innovaci\u00f3n de la marca. Como orgullosa inmigrante latina, Mariana aporta empat\u00eda, respeto y una labor de defensa a su trabajo. Su experiencia personal alimenta su compromiso de apoyar a las comunidades de inmigrantes y honrar los sacrificios realizados por quienes buscan mejores oportunidades para sus familias. A Mariana le apasiona la labor que realiza EPHC y se siente honrada de fungir como Presidenta de la Junta Directiva, contribuyendo a dar forma a la estrategia y la visi\u00f3n a largo plazo de la organizaci\u00f3n. Sigue a Mariana en LinkedIn[\/vc_column_text][\/vc_tta_section][\/vc_tta_accordion][\/vc_column][vc_column offset=\u00bbvc_col-lg-4 vc_col-md-6&#8243; css=\u00bb.vc_custom_1762196907384{padding-bottom: 70px !important;}\u00bb][vc_tta_accordion c_align=\u00bbcenter\u00bb active_section=\u00bb999&#8243; collapsible_all=\u00bbtrue\u00bb css=\u00bb.vc_custom_1762197438768{margin-top: 20px !important;}\u00bb][vc_tta_section title=\u00bbConoce M\u00e1s Acerca de Zuri\u00bb tab_id=\u00bb1762197009911-69ba710d-892f\u00bb][vc_column_text css=\u00bb\u00bb]Biograf\u00eda disponible pr\u00f3ximamente.[\/vc_column_text][\/vc_tta_section][\/vc_tta_accordion][\/vc_column][vc_column offset=\u00bbvc_col-lg-4 vc_col-md-6&#8243; css=\u00bb.vc_custom_1762196913130{padding-bottom: 70px !important;}\u00bb column_responsive_padding_680=\u00bb0 0 95px\u00bb][vc_tta_accordion c_align=\u00bbcenter\u00bb active_section=\u00bb999&#8243; collapsible_all=\u00bbtrue\u00bb css=\u00bb.vc_custom_1762197438768{margin-top: 20px !important;}\u00bb][vc_tta_section title=\u00bbConoce M\u00e1s Acerca de Amaya\u00bb tab_id=\u00bb1762277496164-6b08947d-5700&#8243;][vc_column_text css=\u00bb\u00bb]El padre de Amaya era un inmigrante de clase trabajadora, de habla hispana y originario del Pa\u00eds Vasco, Espa\u00f1a. Ella creci\u00f3 escuch\u00e1ndolo relatar historias sobre el fascismo y la violencia \u00e9tnica, y sobre lo afortunada que era por haber nacido en los Estados Unidos. La educaci\u00f3n, dec\u00eda \u00e9l, era la clave del \u00e9xito en este pa\u00eds. Siguiendo ese consejo, Amaya obtuvo una licenciatura en Estudios Internacionales con especialidad en Am\u00e9rica Latina por la Universidad Estatal de Portland (PSU), y una maestr\u00eda en Desarrollo Organizacional por la Universidad de Texas en Dallas. Resulta que su padre ten\u00eda raz\u00f3n: hoy en d\u00eda, Amaya lidera el equipo de [&hellip;]","og_url":"https:\/\/elprograma.org\/es\/who-we-are\/mesa-directiva\/","og_site_name":"El Programa Hispano Cat\u00f3lico","article_publisher":"https:\/\/www.facebook.com\/elprogramahispano","article_modified_time":"2026-03-04T22:33:17+00:00","twitter_card":"summary_large_image","twitter_misc":{"Tiempo de lectura":"26 minutos"},"schema":{"@context":"https:\/\/schema.org","@graph":[{"@type":"WebPage","@id":"https:\/\/elprograma.org\/es\/who-we-are\/mesa-directiva\/","url":"https:\/\/elprograma.org\/es\/who-we-are\/mesa-directiva\/","name":"Mesa Directiva - El Programa Hispano Cat\u00f3lico","isPartOf":{"@id":"https:\/\/elprograma.org\/es\/#website"},"datePublished":"2025-11-03T19:17:32+00:00","dateModified":"2026-03-04T22:33:17+00:00","breadcrumb":{"@id":"https:\/\/elprograma.org\/es\/who-we-are\/mesa-directiva\/#breadcrumb"},"inLanguage":"es","potentialAction":[{"@type":"ReadAction","target":["https:\/\/elprograma.org\/es\/who-we-are\/mesa-directiva\/"]}]},{"@type":"BreadcrumbList","@id":"https:\/\/elprograma.org\/es\/who-we-are\/mesa-directiva\/#breadcrumb","itemListElement":[{"@type":"ListItem","position":1,"name":"Who We Are","item":"https:\/\/elprograma.org\/es\/who-we-are\/"},{"@type":"ListItem","position":2,"name":"Mesa Directiva"}]},{"@type":"WebSite","@id":"https:\/\/elprograma.org\/es\/#website","url":"https:\/\/elprograma.org\/es\/","name":"El Programa Hispano Cat\u00f3lico","description":"El Programa Hispano is a social service nonprofit that serves the entire lifespan to address the social determinants of health.","alternateName":"EPHC","potentialAction":[{"@type":"SearchAction","target":{"@type":"EntryPoint","urlTemplate":"https:\/\/elprograma.org\/es\/?s={search_term_string}"},"query-input":{"@type":"PropertyValueSpecification","valueRequired":true,"valueName":"search_term_string"}}],"inLanguage":"es"}]}},"_links":{"self":[{"href":"https:\/\/elprograma.org\/es\/wp-json\/wp\/v2\/pages\/10729","targetHints":{"allow":["GET"]}}],"collection":[{"href":"https:\/\/elprograma.org\/es\/wp-json\/wp\/v2\/pages"}],"about":[{"href":"https:\/\/elprograma.org\/es\/wp-json\/wp\/v2\/types\/page"}],"author":[{"embeddable":true,"href":"https:\/\/elprograma.org\/es\/wp-json\/wp\/v2\/users\/3"}],"replies":[{"embeddable":true,"href":"https:\/\/elprograma.org\/es\/wp-json\/wp\/v2\/comments?post=10729"}],"version-history":[{"count":4,"href":"https:\/\/elprograma.org\/es\/wp-json\/wp\/v2\/pages\/10729\/revisions"}],"predecessor-version":[{"id":11564,"href":"https:\/\/elprograma.org\/es\/wp-json\/wp\/v2\/pages\/10729\/revisions\/11564"}],"up":[{"embeddable":true,"href":"https:\/\/elprograma.org\/es\/wp-json\/wp\/v2\/pages\/8001"}],"wp:attachment":[{"href":"https:\/\/elprograma.org\/es\/wp-json\/wp\/v2\/media?parent=10729"}],"curies":[{"name":"wp","href":"https:\/\/api.w.org\/{rel}","templated":true}]}}