{"id":11022,"date":"2025-11-13T16:01:17","date_gmt":"2025-11-14T00:01:17","guid":{"rendered":"https:\/\/elprograma.org\/?page_id=11022"},"modified":"2025-11-13T16:01:20","modified_gmt":"2025-11-14T00:01:20","slug":"mes-de-concientizacion-sobre-el-hambre-y-la-falta-de-vivienda-2025-2","status":"publish","type":"page","link":"https:\/\/elprograma.org\/es\/eventos\/mes-de-concientizacion-sobre-el-hambre-y-la-falta-de-vivienda-2025-2\/","title":{"rendered":"Mes de concientizaci\u00f3n sobre el Hambre y la Falta de Vivienda 2025"},"content":{"rendered":"<div class=\"wpb-content-wrapper\"><p>[vc_row css=\u00bb.vc_custom_1686088742501{margin-top: -30px !important;}\u00bb svg_background=\u00bb%5B%7B%7D%5D\u00bb el_id=\u00bbslider\u00bb][vc_column css=\u00bb.vc_custom_1666808716978{margin-bottom: -200px !important;}\u00bb]\n\t\t\t\t<p class=\"rs-p-wp-fix\"><\/p>\n\t\t\t\t<sr7-module data-alias=\"2025-hh-awareness-month-SPA\" data-id=\"46\" id=\"SR7_46_1\" class=\"rs-ov-hidden\" data-version=\"6.7.54\">\n\t\t\t\t\t<sr7-adjuster><\/sr7-adjuster>\n\t\t\t\t\t<sr7-content>\n\t\t\t\t\t\t<sr7-slide id=\"SR7_46_1-110\" data-key=\"110\">\n\t\t\t\t\t\t\t<sr7-bg id=\"SR7_46_1-110-5\" class=\"sr7-layer\"><noscript><img decoding=\"async\" src=\"https:\/\/elprograma.org\/wp-content\/uploads\/2025\/11\/East-Gresham-Food-Pantry-scaled.png\" alt=\"\" title=\"East Gresham Food Pantry\"><\/noscript><\/sr7-bg>\n\t\t\t\t\t\t\t<sr7-txt id=\"SR7_46_1-110-1\" class=\"sr7-layer\">Noviembre es<\/sr7-txt>\n\t\t\t\t\t\t\t<sr7-txt id=\"SR7_46_1-110-2\" class=\"sr7-layer\">Mes de Conciencia sobre <br \/>\nel Hambre y la Falta de Vivienda<\/sr7-txt>\n\t\t\t\t\t\t\t<sr7-txt id=\"SR7_46_1-110-4\" class=\"sr7-layer\">Cuando se recortan los beneficios de alimentos, nuestra comunidad responde.<\/sr7-txt>\n\t\t\t\t\t\t<\/sr7-slide>\n\t\t\t\t\t\t<sr7-slide id=\"SR7_46_1-111\" data-key=\"111\">\n\t\t\t\t\t\t<\/sr7-slide>\n\t\t\t\t\t<\/sr7-content>\n\t\t\t\t\t<image_lists style=\"display:none\">\n\t\t\t\t\t\t<img data-src=\"\/\/elprograma.org\/wp-content\/uploads\/2025\/11\/East-Gresham-Food-Pantry-scaled.png\" data-libid=\"10821\" data-lib=\"medialibrary\" title=\"East Gresham Food Pantry\" width=\"0\" height=\"0\" data-dbsrc=\"Ly9lbHByb2dyYW1hLm9yZy93cC1jb250ZW50L3VwbG9hZHMvMjAyNS8xMS9FYXN0LUdyZXNoYW0tRm9vZC1QYW50cnktc2NhbGVkLnBuZw==\"\/>\n\t\t\t\t\t<\/image_lists>\n\t\t\t\t<\/sr7-module>\n\t\t\t\t<script>\n\t\t\t\t\twindow.SR7 ??={};SR7.PMH ??={}; SR7.PMH[\"SR7_46_1\"] = {cn:100,state:false,fn: function() { if (window._tpt!==undefined && window._tpt.prepareModuleHeight !== undefined) {  _tpt.prepareModuleHeight({id:\"SR7_46_1\",el:[749.988,749.988,749.988,749.988,349],type:'hero',shdw:'0',gh:[750,750,750,750,350],gw:[1300,1300,1300,1300,480],vpt:['-200px&#039;,&#039;-200px&#039;,&#039;-200px&#039;,&#039;-200px&#039;,&#039;-200px'],size:{fullWidth:true, fullHeight:false},mh:'0',onh:0,onw:0,bg:{color:'{\"orig\":\"transparent\",\"type\":\"solid\",\"string\":\"transparent\"}'}});   SR7.PMH[\"SR7_46_1\"].state=true;} else if(SR7.PMH[\"SR7_46_1\"].cn-->0)\tsetTimeout( SR7.PMH[\"SR7_46_1\"].fn,19);}};SR7.PMH[\"SR7_46_1\" ].fn();\n\t\t\t\t<\/script>\n[\/vc_column][\/vc_row][vc_row row_content_width=\u00bbgrid\u00bb css=\u00bb.vc_custom_1696434648295{margin-right: -3px !important;margin-left: -3px !important;padding-top: 0px !important;background-position: 0 0 !important;background-repeat: no-repeat !important;}\u00bb svg_background=\u00bb%5B%7B%7D%5D\u00bb el_class=\u00bbqodef-row-over\u00bb el_id=\u00bbsubservice short info\u00bb][vc_column column_responsive_padding_680=\u00bb0px 5%\u00bb css=\u00bb.vc_custom_1665689782546{padding-right: 10px !important;padding-left: 10px !important;}\u00bb][vc_row_inner equal_height=\u00bbyes\u00bb svg_background=\u00bb%5B%7B%7D%5D\u00bb css=\u00bb.vc_custom_1727739278512{padding-top: 30px !important;padding-right: 7% !important;padding-bottom: 60px !important;padding-left: 7% !important;background-color: #ffffff !important;}\u00bb][vc_column_inner offset=\u00bbvc_col-lg-12 vc_col-md-12 vc_col-xs-12&#8243; css=\u00bb.vc_custom_1727739305050{padding-top: 40px !important;padding-right: 30px !important;padding-bottom: 30px !important;padding-left: 30px !important;}\u00bb][vc_column_text css=\u00bb\u00bb]<\/p>\n<p data-start=\"145\" data-end=\"320\">Noviembre es un momento para reflexionar sobre el creciente n\u00famero de familias en Oregon que luchan por cubrir sus necesidades m\u00e1s b\u00e1sicas y c\u00f3mo, juntos, podemos apoyarlas.<\/p>\n<p data-start=\"322\" data-end=\"706\">En todo Oregon, 1 de cada 8 hogares enfrenta hambre, y m\u00e1s de 20,000 personas carecen de vivienda estable en cualquier noche. Con los beneficios de SNAP en incertidumbre, muchas familias se ven obligadas a elegir entre pagar la renta, comprar alimentos o medicinas, mientras que <strong>el aumento de redadas de ICE<\/strong> ha intensificado el miedo y el aislamiento en las comunidades inmigrantes.<\/p>\n<p data-start=\"708\" data-end=\"983\">En El Programa Hispano, vemos esta realidad todos los d\u00edas. A trav\u00e9s de nuestras despensas de alimentos, asistencia para renta y servicios p\u00fablicos, y gesti\u00f3n de casos durante todo el a\u00f1o, ayudamos a las familias a mantenerse nutridas, con vivienda y conectadas a la esperanza.<\/p>\n<p data-start=\"985\" data-end=\"1140\"><strong>Este mes, te invitamos a levantarte con nosotros para enfrentar este momento. Tu acci\u00f3n hoy ayuda a construir la soluci\u00f3n que nuestra comunidad necesita.<\/strong><\/p>\n<p>[\/vc_column_text][\/vc_column_inner][\/vc_row_inner][\/vc_column][\/vc_row][vc_row equal_height=\u00bbyes\u00bb row_content_width=\u00bbgrid\u00bb svg_background=\u00bb%5B%7B%7D%5D\u00bb el_id=\u00bbDonationSection\u00bb][vc_column width=\u00bb1\/12&#8243; css=\u00bb.vc_custom_1762211829032{margin-top: 0px !important;margin-right: 0px !important;margin-bottom: 0px !important;margin-left: 0px !important;padding-top: 0px !important;padding-right: 0px !important;padding-bottom: 0px !important;padding-left: 0px !important;background-image: url(https:\/\/elprograma.org\/wp-content\/uploads\/2025\/11\/Food-line_volunteers.png?id=10753) !important;background-position: center !important;background-repeat: no-repeat !important;background-size: cover !important;}\u00bb offset=\u00bbvc_col-lg-6 vc_col-md-6 vc_col-xs-12 vc_hidden-xs\u00bb][\/vc_column][vc_column css=\u00bb.vc_custom_1762211579442{padding-top: 5% !important;padding-right: 15% !important;padding-bottom: 10% !important;padding-left: 15% !important;background-color: #FECF08 !important;}\u00bb column_responsive_padding_1366=\u00bb6.5% 27% 0% 21%\u00bb column_responsive_padding_1440=\u00bb7.5% 27% 0% 21%\u00bb column_responsive_padding_1280=\u00bb7% 10% 0%\u00bb offset=\u00bbvc_col-lg-6 vc_col-md-12 vc_col-xs-12&#8243; column_responsive_padding_1024=\u00bb90px 13% 90px\u00bb column_responsive_padding_768=\u00bb90px 13% 90px\u00bb column_responsive_padding_680=\u00bb90px 13% 90px\u00bb]<div class=\"qodef-shortcode qodef-m  qodef-section-title qodef-alignment--left \">\n\t\t\t\t<h1 class=\"qodef-m-title\" style=\"color: #000000\">\n\t\t\t\t\t\u00a1Dona Hoy Mismo!\t\t\t<\/h1>\n\t<\/div>[vc_column_text css=\u00bb\u00bb el_class=\u00bbwhiteText\u00bb]<span style=\"color: #000000;\">Juntos podemos enfrentar este desaf\u00edo; tu donaci\u00f3n hace una verdadera diferencia.<\/span>[\/vc_column_text][vc_empty_space height=\u00bb20px\u00bb][vc_raw_html css=\u00bb.vc_custom_1762204975261{background-color: #FECF08 !important;}\u00bb]JTNDJTIxLS0lMjBCZWdpbiUyMEdpdmUlMjBMaXZlbHklMjBGdW5kcmFpc2luZyUyMFdpZGdldCUyMC0tJTNFJTBEJTBBJTNDc2NyaXB0JTNFZ2wlM0Rkb2N1bWVudC5jcmVhdGVFbGVtZW50JTI4JTI3c2NyaXB0JTI3JTI5JTNCZ2wuc3JjJTNEJTI3aHR0cHMlM0ElMkYlMkZzZWN1cmUuZ2l2ZWxpdmVseS5vcmclMkZ3aWRnZXRzJTJGc2ltcGxlX2RvbmF0aW9uJTJGZWwtcHJvZ3JhbWEtaGlzcGFubyUyRjIwMjUtaHVuZ2VyLWhvdXNlbGVzc25lc3MtYXdhcmVuZXNzLW1vbnRoLmpzJTNGc2hvd19zdWdnZXN0ZWRfYW1vdW50X2J1dHRvbnMlM0R0cnVlJTI2c2hvd19pbl9ob25vcl9vZiUzRHRydWUlMjZhZGRyZXNzX3JlcXVpcmVkJTNEdHJ1ZSUyNmhhc19yZXF1aXJlZF9jdXN0b21fcXVlc3Rpb24lM0RmYWxzZSUyNnN1Z2dlc3RlZF9kb25hdGlvbl9hbW91bnRzJTVCJTVEJTNEMjUlMjZzdWdnZXN0ZWRfZG9uYXRpb25fYW1vdW50cyU1QiU1RCUzRDUwJTI2c3VnZ2VzdGVkX2RvbmF0aW9uX2Ftb3VudHMlNUIlNUQlM0QxMDAlMjZzdWdnZXN0ZWRfZG9uYXRpb25fYW1vdW50cyU1QiU1RCUzRDI1MCUyNyUzQmRvY3VtZW50LmdldEVsZW1lbnRzQnlUYWdOYW1lJTI4JTI3aGVhZCUyNyUyOSU1QjAlNUQuYXBwZW5kQ2hpbGQlMjhnbCUyOSUzQiUzQyUyRnNjcmlwdCUzRSUzQ2RpdiUyMGlkJTNEJTIyZ2l2ZS1saXZlbHktd2lkZ2V0JTIyJTIwY2xhc3MlM0QlMjJnbC1zaW1wbGUtZG9uYXRpb24td2lkZ2V0JTIyJTNFJTNDJTJGZGl2JTNFJTBEJTBBJTNDJTIxLS0lMjBFbmQlMjBHaXZlJTIwTGl2ZWx5JTIwRnVuZHJhaXNpbmclMjBXaWRnZXQlMjAtLSUzRQ==[\/vc_raw_html][vc_empty_space height=\u00bb3px\u00bb][vc_single_image image=\u00bb10711&#8243; img_size=\u00bbfull\u00bb css=\u00bb\u00bb][vc_column_text css=\u00bb\u00bb el_class=\u00bbwhiteText\u00bb]<span style=\"color: #000000;\">\u00a1\u00danete a nosotros para responder a esta creciente necesidad! Tu generosidad ayuda a las familias a mantenerse seguras, nutridas y conectadas.<\/span>[\/vc_column_text][\/vc_column][\/vc_row][vc_row content_placement=\u00bbmiddle\u00bb row_content_width=\u00bbgrid\u00bb content_text_alignment=\u00bbcenter\u00bb svg_background=\u00bb%5B%7B%7D%5D\u00bb el_id=\u00bbProclamation white section\u00bb css=\u00bb.vc_custom_1727742162780{background-color: #ffffff !important;}\u00bb][vc_column css=\u00bb.vc_custom_1572868252925{padding-top: 0px !important;padding-right: 0px !important;padding-left: 0px !important;}\u00bb][vc_row_inner equal_height=\u00bbyes\u00bb content_placement=\u00bbmiddle\u00bb gap=\u00bb20&#8243; content_text_alignment=\u00bbleft\u00bb svg_background=\u00bb%5B%7B%7D%5D\u00bb css=\u00bb.vc_custom_1727740517436{padding-top: 30px !important;padding-right: 9% !important;padding-bottom: 30px !important;padding-left: 9% !important;}\u00bb][vc_column_inner width=\u00bb1\/2&#8243; css=\u00bb.vc_custom_1665604815524{padding-top: 0px !important;}\u00bb]<div class=\"qodef-shortcode qodef-m  qodef-section-title qodef-alignment--left \">\n\t\t<h5 class=\"qodef-m-subtitle\" style=\"margin-top: 0px\">\n\t\tContamos con la generosidad de nuestra comunidad.\t<\/h5>\n\t\t\t<h3 class=\"qodef-m-title\" >\n\t\t\t\t\tC\u00f3mo puedes ayudar:\t\t\t<\/h3>\n\t<\/div>[vc_column_text css=\u00bb\u00bb]<\/p>\n<ul>\n<li aria-setsize=\"-1\" data-leveltext=\"\uf0a7\" data-font=\"Wingdings\" data-listid=\"7\" data-list-defn-props=\"{&quot;335552541&quot;:1,&quot;335559685&quot;:2160,&quot;335559991&quot;:360,&quot;469769226&quot;:&quot;Wingdings&quot;,&quot;469769242&quot;:[9642],&quot;469777803&quot;:&quot;left&quot;,&quot;469777804&quot;:&quot;\uf0a7&quot;,&quot;469777815&quot;:&quot;hybridMultilevel&quot;}\" data-aria-posinset=\"1\" data-aria-level=\"3\"><a href=\"#DonationSection\"><b><span data-contrast=\"auto\">Dona: <\/span><\/b><\/a><span data-contrast=\"auto\">Una donaci\u00f3n de $50 podr\u00eda ayudar a una persona a acceder a comidas saludables durante una semana, mientras que $150 podr\u00eda apoyar a una familia por una semana.<\/span><\/li>\n<\/ul>\n<ul>\n<li aria-setsize=\"-1\" data-leveltext=\"\uf0a7\" data-font=\"Wingdings\" data-listid=\"7\" data-list-defn-props=\"{&quot;335552541&quot;:1,&quot;335559685&quot;:2160,&quot;335559991&quot;:360,&quot;469769226&quot;:&quot;Wingdings&quot;,&quot;469769242&quot;:[9642],&quot;469777803&quot;:&quot;left&quot;,&quot;469777804&quot;:&quot;\uf0a7&quot;,&quot;469777815&quot;:&quot;hybridMultilevel&quot;}\" data-aria-posinset=\"2\" data-aria-level=\"3\"><a href=\"https:\/\/elprograma.org\/get-involved\/volunteer\/\"><b><span data-contrast=\"auto\">Hazte Voluntaria\/o\/e:<\/span><\/b><\/a><span data-contrast=\"auto\">\u00a0\u00danete a nosotros en nuestras despensas de alimentos para ayudar a empacar y distribuir alimentos, o presta tu tiempo en eventos comunitarios especiales durante todo el a\u00f1o.<\/span><\/li>\n<\/ul>\n<ul>\n<li aria-setsize=\"-1\" data-leveltext=\"\uf0a7\" data-font=\"Wingdings\" data-listid=\"7\" data-list-defn-props=\"{&quot;335552541&quot;:1,&quot;335559685&quot;:2160,&quot;335559991&quot;:360,&quot;469769226&quot;:&quot;Wingdings&quot;,&quot;469769242&quot;:[9642],&quot;469777803&quot;:&quot;left&quot;,&quot;469777804&quot;:&quot;\uf0a7&quot;,&quot;469777815&quot;:&quot;hybridMultilevel&quot;}\" data-aria-posinset=\"3\" data-aria-level=\"3\"><a href=\"https:\/\/drive.google.com\/file\/d\/1XRe3XMTZYkOJp-5C1KGpodGow8ODpC-4\/view?usp=sharing\"><b><span data-contrast=\"auto\">Patrocina: <\/span><\/b><\/a><span data-contrast=\"auto\">\u00bfTienes un negocio? Colabora con nosotros para mantener programas que proporcionan alimentos, vivienda y defensa de la comunidad durante todo el a\u00f1o.<\/span><span data-ccp-props=\"{&quot;134233117&quot;:false,&quot;134233118&quot;:false,&quot;335559738&quot;:240,&quot;335559739&quot;:240}\">\u00a0<\/span><\/li>\n<\/ul>\n<p>[\/vc_column_text][\/vc_column_inner][vc_column_inner width=\u00bb1\/2&#8243; offset=\u00bbvc_col-lg-6 vc_col-md-6 vc_col-xs-12&#8243;][vc_single_image image=\u00bb10771&#8243; img_size=\u00bbfull\u00bb css=\u00bb\u00bb][\/vc_column_inner][\/vc_row_inner][\/vc_column][vc_column][vc_row_inner equal_height=\u00bbyes\u00bb content_placement=\u00bbmiddle\u00bb row_content_width=\u00bbgrid\u00bb content_text_alignment=\u00bbcenter\u00bb svg_background=\u00bb%5B%7B%7D%5D\u00bb css=\u00bb.vc_custom_1762207938956{background-color: #FECF08 !important;}\u00bb][vc_column_inner css=\u00bb.vc_custom_1762211213854{padding-bottom: 35px !important;}\u00bb][vc_images_carousel images=\u00bb10777,10797,10815,10781,10793,8727,10783,10791,10785,10817,10799,10787,10813,10789,10801,10795,10803,10805,10811,10853,10855,10857,10859,10861,10863&#8243; img_size=\u00bbfull\u00bb speed=\u00bb3000&#8243; slides_per_view=\u00bb3&#8243; autoplay=\u00bbyes\u00bb hide_pagination_control=\u00bbyes\u00bb wrap=\u00bbyes\u00bb css_animation=\u00bbfadeInRight\u00bb css=\u00bb.vc_custom_1762285174536{background-color: #FECF08 !important;}\u00bb][\/vc_column_inner][\/vc_row_inner][\/vc_column][\/vc_row][vc_row css=\u00bb.vc_custom_1696434897223{margin-top: 0px !important;padding-top: 0px !important;padding-right: 0px !important;padding-bottom: 0px !important;padding-left: 0px !important;background-color: #ffffff !important;}\u00bb svg_background=\u00bb%5B%7B%7D%5D\u00bb el_id=\u00bbdonate CTA\u00bb][vc_column css=\u00bb.vc_custom_1695157194688{padding-top: 0px !important;padding-right: 0px !important;padding-left: 0px !important;}\u00bb]<div class=\"qodef-shortcode qodef-m  qodef-call-to-action qodef-layout--simple qodef-style--centered\" >\n\t<div class=\"qodef-m-inner\" style=\"background-color: #592d82;height: 160px\">\n\t\t\t<div class=\"qodef-m-content\">\n<h2><a href=\"\/donate\/\"><span style=\"color: #ffffff;\">\u00a1Dona y ay\u00fadanos a llegar a m\u00e1s personas!<\/span><\/a><\/h2>\n<\/div>\n\t<\/div>\n<\/div>[\/vc_column][\/vc_row]<\/p>\n<\/div>","protected":false},"excerpt":{"rendered":"<p>[vc_row css=\u00bb.vc_custom_1686088742501{margin-top: -30px !important;}\u00bb svg_background=\u00bb%5B%7B%7D%5D\u00bb el_id=\u00bbslider\u00bb][vc_column css=\u00bb.vc_custom_1666808716978{margin-bottom: -200px !important;}\u00bb][\/vc_column][\/vc_row][vc_row row_content_width=\u00bbgrid\u00bb css=\u00bb.vc_custom_1696434648295{margin-right: -3px !important;margin-left: -3px !important;padding-top: 0px !important;background-position: 0 0 !important;background-repeat: no-repeat !important;}\u00bb svg_background=\u00bb%5B%7B%7D%5D\u00bb el_class=\u00bbqodef-row-over\u00bb el_id=\u00bbsubservice short info\u00bb][vc_column column_responsive_padding_680=\u00bb0px 5%\u00bb css=\u00bb.vc_custom_1665689782546{padding-right: 10px !important;padding-left: 10px !important;}\u00bb][vc_row_inner equal_height=\u00bbyes\u00bb svg_background=\u00bb%5B%7B%7D%5D\u00bb css=\u00bb.vc_custom_1727739278512{padding-top: 30px !important;padding-right: 7% !important;padding-bottom: 60px !important;padding-left: 7% !important;background-color: #ffffff !important;}\u00bb][vc_column_inner offset=\u00bbvc_col-lg-12 vc_col-md-12 vc_col-xs-12&#8243; css=\u00bb.vc_custom_1727739305050{padding-top: 40px !important;padding-right: 30px !important;padding-bottom: 30px !important;padding-left: 30px !important;}\u00bb][vc_column_text css=\u00bb\u00bb] Noviembre es un momento para reflexionar sobre el creciente n\u00famero de familias en Oregon que luchan por cubrir sus necesidades m\u00e1s b\u00e1sicas y c\u00f3mo, juntos, podemos apoyarlas. En todo Oregon, 1 de cada 8 hogares enfrenta hambre, y m\u00e1s de 20,000 personas carecen de vivienda estable en cualquier noche. Con los beneficios de SNAP en incertidumbre, muchas familias se ven obligadas a elegir entre pagar la renta, comprar alimentos o medicinas, mientras que el aumento de redadas de ICE ha intensificado el miedo y el aislamiento en las comunidades inmigrantes. En El Programa Hispano, vemos esta realidad todos los d\u00edas. A trav\u00e9s de nuestras despensas de alimentos, asistencia para renta y servicios p\u00fablicos, y gesti\u00f3n de casos durante todo el a\u00f1o, ayudamos a las familias a mantenerse nutridas, con vivienda y conectadas a la esperanza. Este mes, te invitamos a levantarte con nosotros para enfrentar este momento. Tu acci\u00f3n hoy ayuda a construir la soluci\u00f3n que nuestra comunidad necesita. [\/vc_column_text][\/vc_column_inner][\/vc_row_inner][\/vc_column][\/vc_row][vc_row equal_height=\u00bbyes\u00bb row_content_width=\u00bbgrid\u00bb svg_background=\u00bb%5B%7B%7D%5D\u00bb el_id=\u00bbDonationSection\u00bb][vc_column width=\u00bb1\/12&#8243; css=\u00bb.vc_custom_1762211829032{margin-top: 0px !important;margin-right: 0px !important;margin-bottom: 0px !important;margin-left: 0px !important;padding-top: 0px !important;padding-right: 0px !important;padding-bottom: 0px !important;padding-left: 0px !important;background-image: url(https:\/\/elprograma.org\/wp-content\/uploads\/2025\/11\/Food-line_volunteers.png?id=10753) !important;background-position: center !important;background-repeat: no-repeat !important;background-size: cover !important;}\u00bb offset=\u00bbvc_col-lg-6 vc_col-md-6 vc_col-xs-12 vc_hidden-xs\u00bb][\/vc_column][vc_column css=\u00bb.vc_custom_1762211579442{padding-top: 5% !important;padding-right: 15% !important;padding-bottom: 10% !important;padding-left: 15% !important;background-color: #FECF08 !important;}\u00bb column_responsive_padding_1366=\u00bb6.5% 27% 0% 21%\u00bb column_responsive_padding_1440=\u00bb7.5% 27% 0% 21%\u00bb column_responsive_padding_1280=\u00bb7% 10% 0%\u00bb offset=\u00bbvc_col-lg-6 vc_col-md-12 vc_col-xs-12&#8243; column_responsive_padding_1024=\u00bb90px 13% 90px\u00bb column_responsive_padding_768=\u00bb90px 13% 90px\u00bb column_responsive_padding_680=\u00bb90px 13% 90px\u00bb][vc_column_text css=\u00bb\u00bb el_class=\u00bbwhiteText\u00bb]Juntos podemos enfrentar este desaf\u00edo; tu donaci\u00f3n hace una verdadera diferencia.[\/vc_column_text][vc_empty_space height=\u00bb20px\u00bb][vc_raw_html css=\u00bb.vc_custom_1762204975261{background-color: #FECF08 !important;}\u00bb]JTNDJTIxLS0lMjBCZWdpbiUyMEdpdmUlMjBMaXZlbHklMjBGdW5kcmFpc2luZyUyMFdpZGdldCUyMC0tJTNFJTBEJTBBJTNDc2NyaXB0JTNFZ2wlM0Rkb2N1bWVudC5jcmVhdGVFbGVtZW50JTI4JTI3c2NyaXB0JTI3JTI5JTNCZ2wuc3JjJTNEJTI3aHR0cHMlM0ElMkYlMkZzZWN1cmUuZ2l2ZWxpdmVseS5vcmclMkZ3aWRnZXRzJTJGc2ltcGxlX2RvbmF0aW9uJTJGZWwtcHJvZ3JhbWEtaGlzcGFubyUyRjIwMjUtaHVuZ2VyLWhvdXNlbGVzc25lc3MtYXdhcmVuZXNzLW1vbnRoLmpzJTNGc2hvd19zdWdnZXN0ZWRfYW1vdW50X2J1dHRvbnMlM0R0cnVlJTI2c2hvd19pbl9ob25vcl9vZiUzRHRydWUlMjZhZGRyZXNzX3JlcXVpcmVkJTNEdHJ1ZSUyNmhhc19yZXF1aXJlZF9jdXN0b21fcXVlc3Rpb24lM0RmYWxzZSUyNnN1Z2dlc3RlZF9kb25hdGlvbl9hbW91bnRzJTVCJTVEJTNEMjUlMjZzdWdnZXN0ZWRfZG9uYXRpb25fYW1vdW50cyU1QiU1RCUzRDUwJTI2c3VnZ2VzdGVkX2RvbmF0aW9uX2Ftb3VudHMlNUIlNUQlM0QxMDAlMjZzdWdnZXN0ZWRfZG9uYXRpb25fYW1vdW50cyU1QiU1RCUzRDI1MCUyNyUzQmRvY3VtZW50LmdldEVsZW1lbnRzQnlUYWdOYW1lJTI4JTI3aGVhZCUyNyUyOSU1QjAlNUQuYXBwZW5kQ2hpbGQlMjhnbCUyOSUzQiUzQyUyRnNjcmlwdCUzRSUzQ2RpdiUyMGlkJTNEJTIyZ2l2ZS1saXZlbHktd2lkZ2V0JTIyJTIwY2xhc3MlM0QlMjJnbC1zaW1wbGUtZG9uYXRpb24td2lkZ2V0JTIyJTNFJTNDJTJGZGl2JTNFJTBEJTBBJTNDJTIxLS0lMjBFbmQlMjBHaXZlJTIwTGl2ZWx5JTIwRnVuZHJhaXNpbmclMjBXaWRnZXQlMjAtLSUzRQ==[\/vc_raw_html][vc_empty_space height=\u00bb3px\u00bb][vc_single_image image=\u00bb10711&#8243; img_size=\u00bbfull\u00bb css=\u00bb\u00bb][vc_column_text css=\u00bb\u00bb el_class=\u00bbwhiteText\u00bb]\u00a1\u00danete a nosotros para responder a esta creciente necesidad! Tu generosidad ayuda a las familias a mantenerse seguras, nutridas y conectadas.[\/vc_column_text][\/vc_column][\/vc_row][vc_row content_placement=\u00bbmiddle\u00bb row_content_width=\u00bbgrid\u00bb content_text_alignment=\u00bbcenter\u00bb svg_background=\u00bb%5B%7B%7D%5D\u00bb el_id=\u00bbProclamation white section\u00bb css=\u00bb.vc_custom_1727742162780{background-color: #ffffff !important;}\u00bb][vc_column css=\u00bb.vc_custom_1572868252925{padding-top: 0px !important;padding-right: 0px !important;padding-left: 0px !important;}\u00bb][vc_row_inner equal_height=\u00bbyes\u00bb content_placement=\u00bbmiddle\u00bb gap=\u00bb20&#8243; content_text_alignment=\u00bbleft\u00bb svg_background=\u00bb%5B%7B%7D%5D\u00bb css=\u00bb.vc_custom_1727740517436{padding-top: 30px !important;padding-right: 9% !important;padding-bottom: 30px !important;padding-left: 9% !important;}\u00bb][vc_column_inner width=\u00bb1\/2&#8243; css=\u00bb.vc_custom_1665604815524{padding-top: 0px !important;}\u00bb][vc_column_text css=\u00bb\u00bb] Dona: Una donaci\u00f3n de $50 podr\u00eda ayudar a una persona a acceder a comidas saludables durante una semana, mientras que $150 podr\u00eda apoyar a una familia por una semana. Hazte Voluntaria\/o\/e:\u00a0\u00danete a nosotros en [&hellip;]<\/p>\n","protected":false},"author":1,"featured_media":0,"parent":7987,"menu_order":0,"comment_status":"closed","ping_status":"closed","template":"page-full-width.php","meta":{"_monsterinsights_skip_tracking":false,"_monsterinsights_sitenote_active":false,"_monsterinsights_sitenote_note":"","_monsterinsights_sitenote_category":0,"footnotes":""},"class_list":["post-11022","page","type-page","status-publish","hentry"],"yoast_head":"<!-- This site is optimized with the Yoast SEO plugin v27.5 - https:\/\/yoast.com\/product\/yoast-seo-wordpress\/ -->\n<title>Mes de concientizaci\u00f3n sobre el Hambre y la Falta de Vivienda 2025 - El Programa Hispano Cat\u00f3lico<\/title>\n<meta name=\"robots\" content=\"index, follow, max-snippet:-1, max-image-preview:large, max-video-preview:-1\" \/>\n<link rel=\"canonical\" href=\"https:\/\/elprograma.org\/es\/eventos\/mes-de-concientizacion-sobre-el-hambre-y-la-falta-de-vivienda-2025-2\/\" \/>\n<meta property=\"og:locale\" content=\"es_ES\" \/>\n<meta property=\"og:type\" content=\"article\" \/>\n<meta property=\"og:title\" content=\"Mes de concientizaci\u00f3n sobre el Hambre y la Falta de Vivienda 2025 - El Programa Hispano Cat\u00f3lico\" \/>\n<meta property=\"og:description\" content=\"[vc_row css=\u00bb.vc_custom_1686088742501{margin-top: -30px !important;}\u00bb svg_background=\u00bb%5B%7B%7D%5D\u00bb el_id=\u00bbslider\u00bb][vc_column css=\u00bb.vc_custom_1666808716978{margin-bottom: -200px !important;}\u00bb][\/vc_column][\/vc_row][vc_row row_content_width=\u00bbgrid\u00bb css=\u00bb.vc_custom_1696434648295{margin-right: -3px !important;margin-left: -3px !important;padding-top: 0px !important;background-position: 0 0 !important;background-repeat: no-repeat !important;}\u00bb svg_background=\u00bb%5B%7B%7D%5D\u00bb el_class=\u00bbqodef-row-over\u00bb el_id=\u00bbsubservice short info\u00bb][vc_column column_responsive_padding_680=\u00bb0px 5%\u00bb css=\u00bb.vc_custom_1665689782546{padding-right: 10px !important;padding-left: 10px !important;}\u00bb][vc_row_inner equal_height=\u00bbyes\u00bb svg_background=\u00bb%5B%7B%7D%5D\u00bb css=\u00bb.vc_custom_1727739278512{padding-top: 30px !important;padding-right: 7% !important;padding-bottom: 60px !important;padding-left: 7% !important;background-color: #ffffff !important;}\u00bb][vc_column_inner offset=\u00bbvc_col-lg-12 vc_col-md-12 vc_col-xs-12&#8243; css=\u00bb.vc_custom_1727739305050{padding-top: 40px !important;padding-right: 30px !important;padding-bottom: 30px !important;padding-left: 30px !important;}\u00bb][vc_column_text css=\u00bb\u00bb] Noviembre es un momento para reflexionar sobre el creciente n\u00famero de familias en Oregon que luchan por cubrir sus necesidades m\u00e1s b\u00e1sicas y c\u00f3mo, juntos, podemos apoyarlas. En todo Oregon, 1 de cada 8 hogares enfrenta hambre, y m\u00e1s de 20,000 personas carecen de vivienda estable en cualquier noche. Con los beneficios de SNAP en incertidumbre, muchas familias se ven obligadas a elegir entre pagar la renta, comprar alimentos o medicinas, mientras que el aumento de redadas de ICE ha intensificado el miedo y el aislamiento en las comunidades inmigrantes. En El Programa Hispano, vemos esta realidad todos los d\u00edas. A trav\u00e9s de nuestras despensas de alimentos, asistencia para renta y servicios p\u00fablicos, y gesti\u00f3n de casos durante todo el a\u00f1o, ayudamos a las familias a mantenerse nutridas, con vivienda y conectadas a la esperanza. Este mes, te invitamos a levantarte con nosotros para enfrentar este momento. Tu acci\u00f3n hoy ayuda a construir la soluci\u00f3n que nuestra comunidad necesita. [\/vc_column_text][\/vc_column_inner][\/vc_row_inner][\/vc_column][\/vc_row][vc_row equal_height=\u00bbyes\u00bb row_content_width=\u00bbgrid\u00bb svg_background=\u00bb%5B%7B%7D%5D\u00bb el_id=\u00bbDonationSection\u00bb][vc_column width=\u00bb1\/12&#8243; css=\u00bb.vc_custom_1762211829032{margin-top: 0px !important;margin-right: 0px !important;margin-bottom: 0px !important;margin-left: 0px !important;padding-top: 0px !important;padding-right: 0px !important;padding-bottom: 0px !important;padding-left: 0px !important;background-image: url(https:\/\/elprograma.org\/wp-content\/uploads\/2025\/11\/Food-line_volunteers.png?id=10753) !important;background-position: center !important;background-repeat: no-repeat !important;background-size: cover !important;}\u00bb offset=\u00bbvc_col-lg-6 vc_col-md-6 vc_col-xs-12 vc_hidden-xs\u00bb][\/vc_column][vc_column css=\u00bb.vc_custom_1762211579442{padding-top: 5% !important;padding-right: 15% !important;padding-bottom: 10% !important;padding-left: 15% !important;background-color: #FECF08 !important;}\u00bb column_responsive_padding_1366=\u00bb6.5% 27% 0% 21%\u00bb column_responsive_padding_1440=\u00bb7.5% 27% 0% 21%\u00bb column_responsive_padding_1280=\u00bb7% 10% 0%\u00bb offset=\u00bbvc_col-lg-6 vc_col-md-12 vc_col-xs-12&#8243; column_responsive_padding_1024=\u00bb90px 13% 90px\u00bb column_responsive_padding_768=\u00bb90px 13% 90px\u00bb column_responsive_padding_680=\u00bb90px 13% 90px\u00bb][vc_column_text css=\u00bb\u00bb el_class=\u00bbwhiteText\u00bb]Juntos podemos enfrentar este desaf\u00edo; tu donaci\u00f3n hace una verdadera diferencia.[\/vc_column_text][vc_empty_space height=\u00bb20px\u00bb][vc_raw_html css=\u00bb.vc_custom_1762204975261{background-color: #FECF08 !important;}\u00bb]JTNDJTIxLS0lMjBCZWdpbiUyMEdpdmUlMjBMaXZlbHklMjBGdW5kcmFpc2luZyUyMFdpZGdldCUyMC0tJTNFJTBEJTBBJTNDc2NyaXB0JTNFZ2wlM0Rkb2N1bWVudC5jcmVhdGVFbGVtZW50JTI4JTI3c2NyaXB0JTI3JTI5JTNCZ2wuc3JjJTNEJTI3aHR0cHMlM0ElMkYlMkZzZWN1cmUuZ2l2ZWxpdmVseS5vcmclMkZ3aWRnZXRzJTJGc2ltcGxlX2RvbmF0aW9uJTJGZWwtcHJvZ3JhbWEtaGlzcGFubyUyRjIwMjUtaHVuZ2VyLWhvdXNlbGVzc25lc3MtYXdhcmVuZXNzLW1vbnRoLmpzJTNGc2hvd19zdWdnZXN0ZWRfYW1vdW50X2J1dHRvbnMlM0R0cnVlJTI2c2hvd19pbl9ob25vcl9vZiUzRHRydWUlMjZhZGRyZXNzX3JlcXVpcmVkJTNEdHJ1ZSUyNmhhc19yZXF1aXJlZF9jdXN0b21fcXVlc3Rpb24lM0RmYWxzZSUyNnN1Z2dlc3RlZF9kb25hdGlvbl9hbW91bnRzJTVCJTVEJTNEMjUlMjZzdWdnZXN0ZWRfZG9uYXRpb25fYW1vdW50cyU1QiU1RCUzRDUwJTI2c3VnZ2VzdGVkX2RvbmF0aW9uX2Ftb3VudHMlNUIlNUQlM0QxMDAlMjZzdWdnZXN0ZWRfZG9uYXRpb25fYW1vdW50cyU1QiU1RCUzRDI1MCUyNyUzQmRvY3VtZW50LmdldEVsZW1lbnRzQnlUYWdOYW1lJTI4JTI3aGVhZCUyNyUyOSU1QjAlNUQuYXBwZW5kQ2hpbGQlMjhnbCUyOSUzQiUzQyUyRnNjcmlwdCUzRSUzQ2RpdiUyMGlkJTNEJTIyZ2l2ZS1saXZlbHktd2lkZ2V0JTIyJTIwY2xhc3MlM0QlMjJnbC1zaW1wbGUtZG9uYXRpb24td2lkZ2V0JTIyJTNFJTNDJTJGZGl2JTNFJTBEJTBBJTNDJTIxLS0lMjBFbmQlMjBHaXZlJTIwTGl2ZWx5JTIwRnVuZHJhaXNpbmclMjBXaWRnZXQlMjAtLSUzRQ==[\/vc_raw_html][vc_empty_space height=\u00bb3px\u00bb][vc_single_image image=\u00bb10711&#8243; img_size=\u00bbfull\u00bb css=\u00bb\u00bb][vc_column_text css=\u00bb\u00bb el_class=\u00bbwhiteText\u00bb]\u00a1\u00danete a nosotros para responder a esta creciente necesidad! Tu generosidad ayuda a las familias a mantenerse seguras, nutridas y conectadas.[\/vc_column_text][\/vc_column][\/vc_row][vc_row content_placement=\u00bbmiddle\u00bb row_content_width=\u00bbgrid\u00bb content_text_alignment=\u00bbcenter\u00bb svg_background=\u00bb%5B%7B%7D%5D\u00bb el_id=\u00bbProclamation white section\u00bb css=\u00bb.vc_custom_1727742162780{background-color: #ffffff !important;}\u00bb][vc_column css=\u00bb.vc_custom_1572868252925{padding-top: 0px !important;padding-right: 0px !important;padding-left: 0px !important;}\u00bb][vc_row_inner equal_height=\u00bbyes\u00bb content_placement=\u00bbmiddle\u00bb gap=\u00bb20&#8243; content_text_alignment=\u00bbleft\u00bb svg_background=\u00bb%5B%7B%7D%5D\u00bb css=\u00bb.vc_custom_1727740517436{padding-top: 30px !important;padding-right: 9% !important;padding-bottom: 30px !important;padding-left: 9% !important;}\u00bb][vc_column_inner width=\u00bb1\/2&#8243; css=\u00bb.vc_custom_1665604815524{padding-top: 0px !important;}\u00bb][vc_column_text css=\u00bb\u00bb] Dona: Una donaci\u00f3n de $50 podr\u00eda ayudar a una persona a acceder a comidas saludables durante una semana, mientras que $150 podr\u00eda apoyar a una familia por una semana. Hazte Voluntaria\/o\/e:\u00a0\u00danete a nosotros en [&hellip;]\" \/>\n<meta property=\"og:url\" content=\"https:\/\/elprograma.org\/es\/eventos\/mes-de-concientizacion-sobre-el-hambre-y-la-falta-de-vivienda-2025-2\/\" \/>\n<meta property=\"og:site_name\" content=\"El Programa Hispano Cat\u00f3lico\" \/>\n<meta property=\"article:publisher\" content=\"https:\/\/www.facebook.com\/elprogramahispano\" \/>\n<meta property=\"article:modified_time\" content=\"2025-11-14T00:01:20+00:00\" \/>\n<meta name=\"twitter:card\" content=\"summary_large_image\" \/>\n<meta name=\"twitter:label1\" content=\"Tiempo de lectura\" \/>\n\t<meta name=\"twitter:data1\" content=\"8 minutos\" \/>\n<script type=\"application\/ld+json\" class=\"yoast-schema-graph\">{\"@context\":\"https:\\\/\\\/schema.org\",\"@graph\":[{\"@type\":\"WebPage\",\"@id\":\"https:\\\/\\\/elprograma.org\\\/es\\\/eventos\\\/mes-de-concientizacion-sobre-el-hambre-y-la-falta-de-vivienda-2025-2\\\/\",\"url\":\"https:\\\/\\\/elprograma.org\\\/es\\\/eventos\\\/mes-de-concientizacion-sobre-el-hambre-y-la-falta-de-vivienda-2025-2\\\/\",\"name\":\"Mes de concientizaci\u00f3n sobre el Hambre y la Falta de Vivienda 2025 - El Programa Hispano Cat\u00f3lico\",\"isPartOf\":{\"@id\":\"https:\\\/\\\/elprograma.org\\\/es\\\/#website\"},\"datePublished\":\"2025-11-14T00:01:17+00:00\",\"dateModified\":\"2025-11-14T00:01:20+00:00\",\"inLanguage\":\"es\",\"potentialAction\":[{\"@type\":\"ReadAction\",\"target\":[\"https:\\\/\\\/elprograma.org\\\/es\\\/eventos\\\/mes-de-concientizacion-sobre-el-hambre-y-la-falta-de-vivienda-2025-2\\\/\"]}]},{\"@type\":\"WebSite\",\"@id\":\"https:\\\/\\\/elprograma.org\\\/es\\\/#website\",\"url\":\"https:\\\/\\\/elprograma.org\\\/es\\\/\",\"name\":\"El Programa Hispano Cat\u00f3lico\",\"description\":\"El Programa Hispano is a social service nonprofit that serves the entire lifespan to address the social determinants of health.\",\"alternateName\":\"EPHC\",\"potentialAction\":[{\"@type\":\"SearchAction\",\"target\":{\"@type\":\"EntryPoint\",\"urlTemplate\":\"https:\\\/\\\/elprograma.org\\\/es\\\/?s={search_term_string}\"},\"query-input\":{\"@type\":\"PropertyValueSpecification\",\"valueRequired\":true,\"valueName\":\"search_term_string\"}}],\"inLanguage\":\"es\"}]}<\/script>\n<!-- \/ Yoast SEO plugin. -->","yoast_head_json":{"title":"Mes de concientizaci\u00f3n sobre el Hambre y la Falta de Vivienda 2025 - El Programa Hispano Cat\u00f3lico","robots":{"index":"index","follow":"follow","max-snippet":"max-snippet:-1","max-image-preview":"max-image-preview:large","max-video-preview":"max-video-preview:-1"},"canonical":"https:\/\/elprograma.org\/es\/eventos\/mes-de-concientizacion-sobre-el-hambre-y-la-falta-de-vivienda-2025-2\/","og_locale":"es_ES","og_type":"article","og_title":"Mes de concientizaci\u00f3n sobre el Hambre y la Falta de Vivienda 2025 - El Programa Hispano Cat\u00f3lico","og_description":"[vc_row css=\u00bb.vc_custom_1686088742501{margin-top: -30px !important;}\u00bb svg_background=\u00bb%5B%7B%7D%5D\u00bb el_id=\u00bbslider\u00bb][vc_column css=\u00bb.vc_custom_1666808716978{margin-bottom: -200px !important;}\u00bb][\/vc_column][\/vc_row][vc_row row_content_width=\u00bbgrid\u00bb css=\u00bb.vc_custom_1696434648295{margin-right: -3px !important;margin-left: -3px !important;padding-top: 0px !important;background-position: 0 0 !important;background-repeat: no-repeat !important;}\u00bb svg_background=\u00bb%5B%7B%7D%5D\u00bb el_class=\u00bbqodef-row-over\u00bb el_id=\u00bbsubservice short info\u00bb][vc_column column_responsive_padding_680=\u00bb0px 5%\u00bb css=\u00bb.vc_custom_1665689782546{padding-right: 10px !important;padding-left: 10px !important;}\u00bb][vc_row_inner equal_height=\u00bbyes\u00bb svg_background=\u00bb%5B%7B%7D%5D\u00bb css=\u00bb.vc_custom_1727739278512{padding-top: 30px !important;padding-right: 7% !important;padding-bottom: 60px !important;padding-left: 7% !important;background-color: #ffffff !important;}\u00bb][vc_column_inner offset=\u00bbvc_col-lg-12 vc_col-md-12 vc_col-xs-12&#8243; css=\u00bb.vc_custom_1727739305050{padding-top: 40px !important;padding-right: 30px !important;padding-bottom: 30px !important;padding-left: 30px !important;}\u00bb][vc_column_text css=\u00bb\u00bb] Noviembre es un momento para reflexionar sobre el creciente n\u00famero de familias en Oregon que luchan por cubrir sus necesidades m\u00e1s b\u00e1sicas y c\u00f3mo, juntos, podemos apoyarlas. En todo Oregon, 1 de cada 8 hogares enfrenta hambre, y m\u00e1s de 20,000 personas carecen de vivienda estable en cualquier noche. Con los beneficios de SNAP en incertidumbre, muchas familias se ven obligadas a elegir entre pagar la renta, comprar alimentos o medicinas, mientras que el aumento de redadas de ICE ha intensificado el miedo y el aislamiento en las comunidades inmigrantes. En El Programa Hispano, vemos esta realidad todos los d\u00edas. A trav\u00e9s de nuestras despensas de alimentos, asistencia para renta y servicios p\u00fablicos, y gesti\u00f3n de casos durante todo el a\u00f1o, ayudamos a las familias a mantenerse nutridas, con vivienda y conectadas a la esperanza. Este mes, te invitamos a levantarte con nosotros para enfrentar este momento. Tu acci\u00f3n hoy ayuda a construir la soluci\u00f3n que nuestra comunidad necesita. [\/vc_column_text][\/vc_column_inner][\/vc_row_inner][\/vc_column][\/vc_row][vc_row equal_height=\u00bbyes\u00bb row_content_width=\u00bbgrid\u00bb svg_background=\u00bb%5B%7B%7D%5D\u00bb el_id=\u00bbDonationSection\u00bb][vc_column width=\u00bb1\/12&#8243; css=\u00bb.vc_custom_1762211829032{margin-top: 0px !important;margin-right: 0px !important;margin-bottom: 0px !important;margin-left: 0px !important;padding-top: 0px !important;padding-right: 0px !important;padding-bottom: 0px !important;padding-left: 0px !important;background-image: url(https:\/\/elprograma.org\/wp-content\/uploads\/2025\/11\/Food-line_volunteers.png?id=10753) !important;background-position: center !important;background-repeat: no-repeat !important;background-size: cover !important;}\u00bb offset=\u00bbvc_col-lg-6 vc_col-md-6 vc_col-xs-12 vc_hidden-xs\u00bb][\/vc_column][vc_column css=\u00bb.vc_custom_1762211579442{padding-top: 5% !important;padding-right: 15% !important;padding-bottom: 10% !important;padding-left: 15% !important;background-color: #FECF08 !important;}\u00bb column_responsive_padding_1366=\u00bb6.5% 27% 0% 21%\u00bb column_responsive_padding_1440=\u00bb7.5% 27% 0% 21%\u00bb column_responsive_padding_1280=\u00bb7% 10% 0%\u00bb offset=\u00bbvc_col-lg-6 vc_col-md-12 vc_col-xs-12&#8243; column_responsive_padding_1024=\u00bb90px 13% 90px\u00bb column_responsive_padding_768=\u00bb90px 13% 90px\u00bb column_responsive_padding_680=\u00bb90px 13% 90px\u00bb][vc_column_text css=\u00bb\u00bb el_class=\u00bbwhiteText\u00bb]Juntos podemos enfrentar este desaf\u00edo; tu donaci\u00f3n hace una verdadera diferencia.[\/vc_column_text][vc_empty_space height=\u00bb20px\u00bb][vc_raw_html css=\u00bb.vc_custom_1762204975261{background-color: #FECF08 !important;}\u00bb]JTNDJTIxLS0lMjBCZWdpbiUyMEdpdmUlMjBMaXZlbHklMjBGdW5kcmFpc2luZyUyMFdpZGdldCUyMC0tJTNFJTBEJTBBJTNDc2NyaXB0JTNFZ2wlM0Rkb2N1bWVudC5jcmVhdGVFbGVtZW50JTI4JTI3c2NyaXB0JTI3JTI5JTNCZ2wuc3JjJTNEJTI3aHR0cHMlM0ElMkYlMkZzZWN1cmUuZ2l2ZWxpdmVseS5vcmclMkZ3aWRnZXRzJTJGc2ltcGxlX2RvbmF0aW9uJTJGZWwtcHJvZ3JhbWEtaGlzcGFubyUyRjIwMjUtaHVuZ2VyLWhvdXNlbGVzc25lc3MtYXdhcmVuZXNzLW1vbnRoLmpzJTNGc2hvd19zdWdnZXN0ZWRfYW1vdW50X2J1dHRvbnMlM0R0cnVlJTI2c2hvd19pbl9ob25vcl9vZiUzRHRydWUlMjZhZGRyZXNzX3JlcXVpcmVkJTNEdHJ1ZSUyNmhhc19yZXF1aXJlZF9jdXN0b21fcXVlc3Rpb24lM0RmYWxzZSUyNnN1Z2dlc3RlZF9kb25hdGlvbl9hbW91bnRzJTVCJTVEJTNEMjUlMjZzdWdnZXN0ZWRfZG9uYXRpb25fYW1vdW50cyU1QiU1RCUzRDUwJTI2c3VnZ2VzdGVkX2RvbmF0aW9uX2Ftb3VudHMlNUIlNUQlM0QxMDAlMjZzdWdnZXN0ZWRfZG9uYXRpb25fYW1vdW50cyU1QiU1RCUzRDI1MCUyNyUzQmRvY3VtZW50LmdldEVsZW1lbnRzQnlUYWdOYW1lJTI4JTI3aGVhZCUyNyUyOSU1QjAlNUQuYXBwZW5kQ2hpbGQlMjhnbCUyOSUzQiUzQyUyRnNjcmlwdCUzRSUzQ2RpdiUyMGlkJTNEJTIyZ2l2ZS1saXZlbHktd2lkZ2V0JTIyJTIwY2xhc3MlM0QlMjJnbC1zaW1wbGUtZG9uYXRpb24td2lkZ2V0JTIyJTNFJTNDJTJGZGl2JTNFJTBEJTBBJTNDJTIxLS0lMjBFbmQlMjBHaXZlJTIwTGl2ZWx5JTIwRnVuZHJhaXNpbmclMjBXaWRnZXQlMjAtLSUzRQ==[\/vc_raw_html][vc_empty_space height=\u00bb3px\u00bb][vc_single_image image=\u00bb10711&#8243; img_size=\u00bbfull\u00bb css=\u00bb\u00bb][vc_column_text css=\u00bb\u00bb el_class=\u00bbwhiteText\u00bb]\u00a1\u00danete a nosotros para responder a esta creciente necesidad! Tu generosidad ayuda a las familias a mantenerse seguras, nutridas y conectadas.[\/vc_column_text][\/vc_column][\/vc_row][vc_row content_placement=\u00bbmiddle\u00bb row_content_width=\u00bbgrid\u00bb content_text_alignment=\u00bbcenter\u00bb svg_background=\u00bb%5B%7B%7D%5D\u00bb el_id=\u00bbProclamation white section\u00bb css=\u00bb.vc_custom_1727742162780{background-color: #ffffff !important;}\u00bb][vc_column css=\u00bb.vc_custom_1572868252925{padding-top: 0px !important;padding-right: 0px !important;padding-left: 0px !important;}\u00bb][vc_row_inner equal_height=\u00bbyes\u00bb content_placement=\u00bbmiddle\u00bb gap=\u00bb20&#8243; content_text_alignment=\u00bbleft\u00bb svg_background=\u00bb%5B%7B%7D%5D\u00bb css=\u00bb.vc_custom_1727740517436{padding-top: 30px !important;padding-right: 9% !important;padding-bottom: 30px !important;padding-left: 9% !important;}\u00bb][vc_column_inner width=\u00bb1\/2&#8243; css=\u00bb.vc_custom_1665604815524{padding-top: 0px !important;}\u00bb][vc_column_text css=\u00bb\u00bb] Dona: Una donaci\u00f3n de $50 podr\u00eda ayudar a una persona a acceder a comidas saludables durante una semana, mientras que $150 podr\u00eda apoyar a una familia por una semana. Hazte Voluntaria\/o\/e:\u00a0\u00danete a nosotros en [&hellip;]","og_url":"https:\/\/elprograma.org\/es\/eventos\/mes-de-concientizacion-sobre-el-hambre-y-la-falta-de-vivienda-2025-2\/","og_site_name":"El Programa Hispano Cat\u00f3lico","article_publisher":"https:\/\/www.facebook.com\/elprogramahispano","article_modified_time":"2025-11-14T00:01:20+00:00","twitter_card":"summary_large_image","twitter_misc":{"Tiempo de lectura":"8 minutos"},"schema":{"@context":"https:\/\/schema.org","@graph":[{"@type":"WebPage","@id":"https:\/\/elprograma.org\/es\/eventos\/mes-de-concientizacion-sobre-el-hambre-y-la-falta-de-vivienda-2025-2\/","url":"https:\/\/elprograma.org\/es\/eventos\/mes-de-concientizacion-sobre-el-hambre-y-la-falta-de-vivienda-2025-2\/","name":"Mes de concientizaci\u00f3n sobre el Hambre y la Falta de Vivienda 2025 - El Programa Hispano Cat\u00f3lico","isPartOf":{"@id":"https:\/\/elprograma.org\/es\/#website"},"datePublished":"2025-11-14T00:01:17+00:00","dateModified":"2025-11-14T00:01:20+00:00","inLanguage":"es","potentialAction":[{"@type":"ReadAction","target":["https:\/\/elprograma.org\/es\/eventos\/mes-de-concientizacion-sobre-el-hambre-y-la-falta-de-vivienda-2025-2\/"]}]},{"@type":"WebSite","@id":"https:\/\/elprograma.org\/es\/#website","url":"https:\/\/elprograma.org\/es\/","name":"El Programa Hispano Cat\u00f3lico","description":"El Programa Hispano is a social service nonprofit that serves the entire lifespan to address the social determinants of health.","alternateName":"EPHC","potentialAction":[{"@type":"SearchAction","target":{"@type":"EntryPoint","urlTemplate":"https:\/\/elprograma.org\/es\/?s={search_term_string}"},"query-input":{"@type":"PropertyValueSpecification","valueRequired":true,"valueName":"search_term_string"}}],"inLanguage":"es"}]}},"_links":{"self":[{"href":"https:\/\/elprograma.org\/es\/wp-json\/wp\/v2\/pages\/11022","targetHints":{"allow":["GET"]}}],"collection":[{"href":"https:\/\/elprograma.org\/es\/wp-json\/wp\/v2\/pages"}],"about":[{"href":"https:\/\/elprograma.org\/es\/wp-json\/wp\/v2\/types\/page"}],"author":[{"embeddable":true,"href":"https:\/\/elprograma.org\/es\/wp-json\/wp\/v2\/users\/1"}],"replies":[{"embeddable":true,"href":"https:\/\/elprograma.org\/es\/wp-json\/wp\/v2\/comments?post=11022"}],"version-history":[{"count":1,"href":"https:\/\/elprograma.org\/es\/wp-json\/wp\/v2\/pages\/11022\/revisions"}],"predecessor-version":[{"id":11023,"href":"https:\/\/elprograma.org\/es\/wp-json\/wp\/v2\/pages\/11022\/revisions\/11023"}],"up":[{"embeddable":true,"href":"https:\/\/elprograma.org\/es\/wp-json\/wp\/v2\/pages\/7987"}],"wp:attachment":[{"href":"https:\/\/elprograma.org\/es\/wp-json\/wp\/v2\/media?parent=11022"}],"curies":[{"name":"wp","href":"https:\/\/api.w.org\/{rel}","templated":true}]}}